{"id":504,"date":"2015-03-02T13:12:12","date_gmt":"2015-03-02T13:12:12","guid":{"rendered":"http:\/\/wp\/enfold-shop\/?page_id=16"},"modified":"2022-03-07T18:09:42","modified_gmt":"2022-03-07T21:09:42","slug":"home","status":"publish","type":"page","link":"https:\/\/radiorevelacionfm.cl\/","title":{"rendered":"Home"},"content":{"rendered":"<div id='fullscreen_slider_1'  class='avia-fullscreen-slider main_color   avia-builder-el-0  el_before_av_one_full  avia-builder-el-first   container_wrap sidebar_right' style=' '  ><a href='#next-section' title='' class='scroll-down-link av-control-default' aria-hidden='true' data-av_icon='\ue877' data-av_iconfont='entypo-fontello'><\/a><div   data-size='no scaling'  data-lightbox_size='large'  data-animation='fade'  data-conditional_play=''  data-ids='14351,697'  data-video_counter='0'  data-autoplay='true'  data-bg_slider='true'  data-slide_height='100'  data-handle='av_fullscreen'  data-interval='3'  data-class=' '  data-el_id=''  data-css_id='fullscreen_slider_1'  data-scroll_down='aviaTBscroll_down'  data-control_layout='av-control-default'  data-custom_markup=''  data-perma_caption='aviaTBperma_caption'  data-autoplay_stopper=''  data-image_attachment=''  data-min_height='0px'  data-lazy_loading='disabled'  data-stretch=''  class='avia-slideshow avia-slideshow-1 av-slider-scroll-down-active av-control-default av-default-height-applied avia-slideshow-no scaling av_fullscreen   avia-fade-slider '  itemprop=\"image\" itemscope=\"itemscope\" itemtype=\"https:\/\/schema.org\/ImageObject\" ><ul class='avia-slideshow-inner ' style='padding-bottom: 69.36170212766%;' ><li style='background-position:center center;' data-img-url='https:\/\/radiorevelacionfm.cl\/wp-content\/uploads\/2022\/03\/WhatsApp-Image-2022-03-07-at-17.43.20.jpeg' class=' slide-1 ' ><div data-rel='slideshow-1' class='avia-slide-wrap '   ><div class='av-section-color-overlay' style='opacity: 0.4; background-color: #0a0a0a; '><\/div><\/div><\/li><\/ul><div class = \"caption_fullwidth av-slideshow-caption caption_center\"><div class = \"container caption_container\"><div class = \"slideshow_caption\"><div class = \"slideshow_inner_caption\"><div class = \"slideshow_align_caption\"><h2  style='font-size:33px; ' class='avia-caption-title  '  itemprop=\"name\" >Bienvenid@, te encuentras en el sitio oficial de Radio Revelaci\u00f3n FM<\/h2><div class='avia-caption-content  av_inherit_color'  itemprop=\"description\"   style='font-size:18px; '><p>De Puerto Cisnes, zona austral de la Patagonia Chilena. Te invitamos a sintonizarnos en el 89.9 del dial o trav\u00e9s de nuestra se\u00f1al online para conocer y disfrutar de una variada y entretenida programaci\u00f3n que hemos dise\u00f1ado especialmente para ti y sorprenderte con los hermosos paisajes de esta ciudad que se sit\u00faa junto al mar, en la costa norte de la Regi\u00f3n de Ays\u00e9n.<\/p>\n<\/div><\/div><\/div><\/div><\/div><\/div><\/div><\/div><div id='after_full_slider_1'  class='main_color av_default_container_wrap container_wrap sidebar_right' style=' '  ><div class='container' ><div class='template-page content  av-content-small alpha units'><div class='post-entry post-entry-type-page post-entry-504'><div class='entry-content-wrapper clearfix'>\n<div class=\"flex_column av_one_full  flex_column_div av-zero-column-padding first  avia-builder-el-1  el_after_av_fullscreen  el_before_av_one_full  avia-builder-el-first  \" style='border-radius:0px; '><div  style='text-align:center; color:#ffffff; font-size:53px; margin:0 0 0 0; ' class='av-rotator-container av-rotation-container-center   avia-builder-el-2  avia-builder-el-no-sibling  av-after-rotation-text-active' data-interval='3' data-animation='0'><h3 class='av-rotator-container-inner '>NOTICIAS ACTUALIZADAS<span class='av-rotator-text av-rotator-multiline-off '>\n<span  class='av-rotator-text-single av-rotator-text-single-1'>DEPORTES<\/span>\n<span  class='av-rotator-text-single av-rotator-text-single-2'>POLITICA <\/span>\n<span  class='av-rotator-text-single av-rotator-text-single-3'>REGIONAL<\/span>\n<span  class='av-rotator-text-single av-rotator-text-single-4'>SALUD<\/span>\n<\/span>Y MUCHO M\u00c1S...<\/h3><\/div><\/div>\n<div class=\"flex_column av_one_full  flex_column_div av-zero-column-padding first  avia-builder-el-3  el_after_av_one_full  avia-builder-el-last  column-top-margin\" style='border-radius:0px; '><div  class='av-alb-blogposts template-blog  av-blog-meta-html-info-disabled av-blog-meta-tag-disabled '  itemscope=\"itemscope\" itemtype=\"https:\/\/schema.org\/Blog\" ><article class='post-entry post-entry-type-standard post-entry-66756 post-loop-1 post-parity-odd single-big with-slider post-66756 post type-post status-publish format-standard has-post-thumbnail hentry category-regional'  itemscope=\"itemscope\" itemtype=\"https:\/\/schema.org\/BlogPosting\" ><div class=\"big-preview single-big\"  itemprop=\"image\" itemscope=\"itemscope\" itemtype=\"https:\/\/schema.org\/ImageObject\" ><a href=\"https:\/\/radiorevelacionfm.cl\/?p=66756\"  title=\"mop-puente-ib\u00c1\u00d1ez-reuni\u00d3n-4-(1)_optimized\" ><img decoding=\"async\" width=\"845\" height=\"321\" src=\"https:\/\/radiorevelacionfm.cl\/wp-content\/uploads\/2026\/04\/mop-puente-ibANez-reuniOn-4-1_optimized-845x321.jpeg\" class=\"wp-image-66757 avia-img-lazy-loading-66757 attachment-entry_with_sidebar size-entry_with_sidebar wp-post-image\" alt=\"\" \/><\/a><\/div><div class='blog-meta'><\/div><div class='entry-content-wrapper clearfix standard-content'><header class=\"entry-content-header\"><h2 class='post-title entry-title '  itemprop=\"headline\" >\t<a href='https:\/\/radiorevelacionfm.cl\/?p=66756' rel='bookmark' title='Enlace permanente: Ministro Arrau anuncia adjudicaci\u00f3n de soluci\u00f3n definitiva del Puente Presidente Ib\u00e1\u00f1ez en Ays\u00e9n'>Ministro Arrau anuncia adjudicaci\u00f3n de soluci\u00f3n definitiva del Puente Presidente Ib\u00e1\u00f1ez en Ays\u00e9n\t\t\t<span class='post-format-icon minor-meta'><\/span>\t<\/a><\/h2><span class='post-meta-infos'><time class='date-container minor-meta updated' >abril 29, 2026<\/time><span class='text-sep text-sep-date'>\/<\/span><span class=\"blog-categories minor-meta\">en <a href=\"https:\/\/radiorevelacionfm.cl\/?cat=38\" rel=\"tag\">Regional<\/a> <\/span><span class=\"text-sep text-sep-cat\">\/<\/span><span class=\"blog-author minor-meta\">por <span class=\"entry-author-link\"  itemprop=\"author\" ><span class=\"author\"><span class=\"fn\"><a href=\"https:\/\/radiorevelacionfm.cl\/?author=1\" title=\"Entradas de revelacionfm\" rel=\"author\">revelacionfm<\/a><\/span><\/span><\/span><\/span><\/span><\/header><div class=\"entry-content\"  itemprop=\"text\" ><div class=\"read-more-link\"><a href=\"https:\/\/radiorevelacionfm.cl\/?p=66756\" class=\"more-link\">Leer m\u00e1s<span class=\"more-link-arrow\"><\/span><\/a><\/div>\n<\/div><footer class=\"entry-footer\"><\/footer><div class='post_delimiter'><\/div><\/div><div class='post_author_timeline'><\/div><span class='hidden'>\n\t\t\t\t<span class='av-structured-data'  itemprop=\"image\" itemscope=\"itemscope\" itemtype=\"https:\/\/schema.org\/ImageObject\" >\n\t\t\t\t\t\t<span itemprop='url'>https:\/\/radiorevelacionfm.cl\/wp-content\/uploads\/2026\/04\/mop-puente-ibANez-reuniOn-4-1_optimized.jpeg<\/span>\n\t\t\t\t\t\t<span itemprop='height'>600<\/span>\n\t\t\t\t\t\t<span itemprop='width'>900<\/span>\n\t\t\t\t<\/span>\n\t\t\t\t<span class='av-structured-data'  itemprop=\"publisher\" itemtype=\"https:\/\/schema.org\/Organization\" itemscope=\"itemscope\" >\n\t\t\t\t\t\t<span itemprop='name'>revelacionfm<\/span>\n\t\t\t\t\t\t<span itemprop='logo' itemscope itemtype='https:\/\/schema.org\/ImageObject'>\n\t\t\t\t\t\t\t<span itemprop='url'>http:\/\/radiorevelacionfm.cl\/wp-content\/uploads\/2020\/12\/Sin-titulo1-300x300.png<\/span>\n\t\t\t\t\t\t <\/span>\n\t\t\t\t<\/span><span class='av-structured-data'  itemprop=\"author\" itemscope=\"itemscope\" itemtype=\"https:\/\/schema.org\/Person\" ><span itemprop='name'>revelacionfm<\/span><\/span><span class='av-structured-data'  itemprop=\"datePublished\" datetime=\"2026-04-29T21:00:35-03:00\" >2026-04-29 21:00:35<\/span><span class='av-structured-data'  itemprop=\"dateModified\" itemtype=\"https:\/\/schema.org\/dateModified\" >2026-04-29 21:00:35<\/span><span class='av-structured-data'  itemprop=\"mainEntityOfPage\" itemtype=\"https:\/\/schema.org\/mainEntityOfPage\" ><span itemprop='name'>Ministro Arrau anuncia adjudicaci\u00f3n de soluci\u00f3n definitiva del Puente Presidente Ib\u00e1\u00f1ez en Ays\u00e9n<\/span><\/span><\/span><\/article><article class='post-entry post-entry-type-standard post-entry-66748 post-loop-2 post-parity-even single-big with-slider post-66748 post type-post status-publish format-standard has-post-thumbnail hentry category-cultura'  itemscope=\"itemscope\" itemtype=\"https:\/\/schema.org\/BlogPosting\" ><div class=\"big-preview single-big\"  itemprop=\"image\" itemscope=\"itemscope\" itemtype=\"https:\/\/schema.org\/ImageObject\" ><a href=\"https:\/\/radiorevelacionfm.cl\/?p=66748\"  title=\"las-dos-hileras-(1)_optimized (1)\" ><img decoding=\"async\" width=\"845\" height=\"321\" src=\"https:\/\/radiorevelacionfm.cl\/wp-content\/uploads\/2026\/04\/las-dos-hileras-1_optimized-1-845x321.jpg\" class=\"wp-image-66749 avia-img-lazy-loading-66749 attachment-entry_with_sidebar size-entry_with_sidebar wp-post-image\" alt=\"\" \/><\/a><\/div><div class='blog-meta'><\/div><div class='entry-content-wrapper clearfix standard-content'><header class=\"entry-content-header\"><h2 class='post-title entry-title '  itemprop=\"headline\" >\t<a href='https:\/\/radiorevelacionfm.cl\/?p=66748' rel='bookmark' title='Enlace permanente: Entregan casi 100 millones de pesos a 10 Puntos de Cultura Comunitaria en la regi\u00f3n de Ays\u00e9n'>Entregan casi 100 millones de pesos a 10 Puntos de Cultura Comunitaria en la regi\u00f3n de Ays\u00e9n\t\t\t<span class='post-format-icon minor-meta'><\/span>\t<\/a><\/h2><span class='post-meta-infos'><time class='date-container minor-meta updated' >abril 29, 2026<\/time><span class='text-sep text-sep-date'>\/<\/span><span class=\"blog-categories minor-meta\">en <a href=\"https:\/\/radiorevelacionfm.cl\/?cat=52\" rel=\"tag\">Cultura<\/a> <\/span><span class=\"text-sep text-sep-cat\">\/<\/span><span class=\"blog-author minor-meta\">por <span class=\"entry-author-link\"  itemprop=\"author\" ><span class=\"author\"><span class=\"fn\"><a href=\"https:\/\/radiorevelacionfm.cl\/?author=1\" title=\"Entradas de revelacionfm\" rel=\"author\">revelacionfm<\/a><\/span><\/span><\/span><\/span><\/span><\/header><div class=\"entry-content\"  itemprop=\"text\" ><div class=\"read-more-link\"><a href=\"https:\/\/radiorevelacionfm.cl\/?p=66748\" class=\"more-link\">Leer m\u00e1s<span class=\"more-link-arrow\"><\/span><\/a><\/div>\n<\/div><footer class=\"entry-footer\"><\/footer><div class='post_delimiter'><\/div><\/div><div class='post_author_timeline'><\/div><span class='hidden'>\n\t\t\t\t<span class='av-structured-data'  itemprop=\"image\" itemscope=\"itemscope\" itemtype=\"https:\/\/schema.org\/ImageObject\" >\n\t\t\t\t\t\t<span itemprop='url'>https:\/\/radiorevelacionfm.cl\/wp-content\/uploads\/2026\/04\/las-dos-hileras-1_optimized-1.jpg<\/span>\n\t\t\t\t\t\t<span itemprop='height'>600<\/span>\n\t\t\t\t\t\t<span itemprop='width'>1205<\/span>\n\t\t\t\t<\/span>\n\t\t\t\t<span class='av-structured-data'  itemprop=\"publisher\" itemtype=\"https:\/\/schema.org\/Organization\" itemscope=\"itemscope\" >\n\t\t\t\t\t\t<span itemprop='name'>revelacionfm<\/span>\n\t\t\t\t\t\t<span itemprop='logo' itemscope itemtype='https:\/\/schema.org\/ImageObject'>\n\t\t\t\t\t\t\t<span itemprop='url'>http:\/\/radiorevelacionfm.cl\/wp-content\/uploads\/2020\/12\/Sin-titulo1-300x300.png<\/span>\n\t\t\t\t\t\t <\/span>\n\t\t\t\t<\/span><span class='av-structured-data'  itemprop=\"author\" itemscope=\"itemscope\" itemtype=\"https:\/\/schema.org\/Person\" ><span itemprop='name'>revelacionfm<\/span><\/span><span class='av-structured-data'  itemprop=\"datePublished\" datetime=\"2026-04-29T20:31:52-03:00\" >2026-04-29 20:31:52<\/span><span class='av-structured-data'  itemprop=\"dateModified\" itemtype=\"https:\/\/schema.org\/dateModified\" >2026-04-29 20:31:52<\/span><span class='av-structured-data'  itemprop=\"mainEntityOfPage\" itemtype=\"https:\/\/schema.org\/mainEntityOfPage\" ><span itemprop='name'>Entregan casi 100 millones de pesos a 10 Puntos de Cultura Comunitaria en la regi\u00f3n de Ays\u00e9n<\/span><\/span><\/span><\/article><article class='post-entry post-entry-type-standard post-entry-66740 post-loop-3 post-parity-odd single-big with-slider post-66740 post type-post status-publish format-standard has-post-thumbnail hentry category-medio-ambiente'  itemscope=\"itemscope\" itemtype=\"https:\/\/schema.org\/BlogPosting\" ><div class=\"big-preview single-big\"  itemprop=\"image\" itemscope=\"itemscope\" itemtype=\"https:\/\/schema.org\/ImageObject\" ><a href=\"https:\/\/radiorevelacionfm.cl\/?p=66740\"  title=\"7 (49) (1) (1)\" ><img decoding=\"async\" width=\"845\" height=\"321\" src=\"https:\/\/radiorevelacionfm.cl\/wp-content\/uploads\/2026\/04\/7-49-1-1-845x321.jpg\" class=\"wp-image-66741 avia-img-lazy-loading-66741 attachment-entry_with_sidebar size-entry_with_sidebar wp-post-image\" alt=\"\" \/><\/a><\/div><div class='blog-meta'><\/div><div class='entry-content-wrapper clearfix standard-content'><header class=\"entry-content-header\"><h2 class='post-title entry-title '  itemprop=\"headline\" >\t<a href='https:\/\/radiorevelacionfm.cl\/?p=66740' rel='bookmark' title='Enlace permanente: Gira del subsecretario de Medio Ambiente en Ays\u00e9n refuerza trabajo conjunto por la calidad del aire'>Gira del subsecretario de Medio Ambiente en Ays\u00e9n refuerza trabajo conjunto por la calidad del aire\t\t\t<span class='post-format-icon minor-meta'><\/span>\t<\/a><\/h2><span class='post-meta-infos'><time class='date-container minor-meta updated' >abril 29, 2026<\/time><span class='text-sep text-sep-date'>\/<\/span><span class=\"blog-categories minor-meta\">en <a href=\"https:\/\/radiorevelacionfm.cl\/?cat=39\" rel=\"tag\">Medio Ambiente<\/a> <\/span><span class=\"text-sep text-sep-cat\">\/<\/span><span class=\"blog-author minor-meta\">por <span class=\"entry-author-link\"  itemprop=\"author\" ><span class=\"author\"><span class=\"fn\"><a href=\"https:\/\/radiorevelacionfm.cl\/?author=1\" title=\"Entradas de revelacionfm\" rel=\"author\">revelacionfm<\/a><\/span><\/span><\/span><\/span><\/span><\/header><div class=\"entry-content\"  itemprop=\"text\" ><div class=\"read-more-link\"><a href=\"https:\/\/radiorevelacionfm.cl\/?p=66740\" class=\"more-link\">Leer m\u00e1s<span class=\"more-link-arrow\"><\/span><\/a><\/div>\n<\/div><footer class=\"entry-footer\"><\/footer><div class='post_delimiter'><\/div><\/div><div class='post_author_timeline'><\/div><span class='hidden'>\n\t\t\t\t<span class='av-structured-data'  itemprop=\"image\" itemscope=\"itemscope\" itemtype=\"https:\/\/schema.org\/ImageObject\" >\n\t\t\t\t\t\t<span itemprop='url'>https:\/\/radiorevelacionfm.cl\/wp-content\/uploads\/2026\/04\/7-49-1-1.jpg<\/span>\n\t\t\t\t\t\t<span itemprop='height'>600<\/span>\n\t\t\t\t\t\t<span itemprop='width'>900<\/span>\n\t\t\t\t<\/span>\n\t\t\t\t<span class='av-structured-data'  itemprop=\"publisher\" itemtype=\"https:\/\/schema.org\/Organization\" itemscope=\"itemscope\" >\n\t\t\t\t\t\t<span itemprop='name'>revelacionfm<\/span>\n\t\t\t\t\t\t<span itemprop='logo' itemscope itemtype='https:\/\/schema.org\/ImageObject'>\n\t\t\t\t\t\t\t<span itemprop='url'>http:\/\/radiorevelacionfm.cl\/wp-content\/uploads\/2020\/12\/Sin-titulo1-300x300.png<\/span>\n\t\t\t\t\t\t <\/span>\n\t\t\t\t<\/span><span class='av-structured-data'  itemprop=\"author\" itemscope=\"itemscope\" itemtype=\"https:\/\/schema.org\/Person\" ><span itemprop='name'>revelacionfm<\/span><\/span><span class='av-structured-data'  itemprop=\"datePublished\" datetime=\"2026-04-29T18:56:14-03:00\" >2026-04-29 18:56:14<\/span><span class='av-structured-data'  itemprop=\"dateModified\" itemtype=\"https:\/\/schema.org\/dateModified\" >2026-04-29 18:56:14<\/span><span class='av-structured-data'  itemprop=\"mainEntityOfPage\" itemtype=\"https:\/\/schema.org\/mainEntityOfPage\" ><span itemprop='name'>Gira del subsecretario de Medio Ambiente en Ays\u00e9n refuerza trabajo conjunto por la calidad del aire<\/span><\/span><\/span><\/article><article class='post-entry post-entry-type-standard post-entry-66733 post-loop-4 post-parity-even single-big with-slider post-66733 post type-post status-publish format-standard has-post-thumbnail hentry category-politica'  itemscope=\"itemscope\" itemtype=\"https:\/\/schema.org\/BlogPosting\" ><div class=\"big-preview single-big\"  itemprop=\"image\" itemscope=\"itemscope\" itemtype=\"https:\/\/schema.org\/ImageObject\" ><a href=\"https:\/\/radiorevelacionfm.cl\/?p=66733\"  title=\"FOTO CALISTO ONCO AYS\u00c9N (1) (1)\" ><img decoding=\"async\" width=\"831\" height=\"321\" src=\"https:\/\/radiorevelacionfm.cl\/wp-content\/uploads\/2026\/04\/FOTO-CALISTO-ONCO-AYSEN-1-1-831x321.jpg\" class=\"wp-image-66734 avia-img-lazy-loading-66734 attachment-entry_with_sidebar size-entry_with_sidebar wp-post-image\" alt=\"\" \/><\/a><\/div><div class='blog-meta'><\/div><div class='entry-content-wrapper clearfix standard-content'><header class=\"entry-content-header\"><h2 class='post-title entry-title '  itemprop=\"headline\" >\t<a href='https:\/\/radiorevelacionfm.cl\/?p=66733' rel='bookmark' title='Enlace permanente: Calisto pide celeridad en compromisos ante grave crisis oncol\u00f3gica en Ays\u00e9n'>Calisto pide celeridad en compromisos ante grave crisis oncol\u00f3gica en Ays\u00e9n\t\t\t<span class='post-format-icon minor-meta'><\/span>\t<\/a><\/h2><span class='post-meta-infos'><time class='date-container minor-meta updated' >abril 29, 2026<\/time><span class='text-sep text-sep-date'>\/<\/span><span class=\"blog-categories minor-meta\">en <a href=\"https:\/\/radiorevelacionfm.cl\/?cat=35\" rel=\"tag\">Pol\u00edtica<\/a> <\/span><span class=\"text-sep text-sep-cat\">\/<\/span><span class=\"blog-author minor-meta\">por <span class=\"entry-author-link\"  itemprop=\"author\" ><span class=\"author\"><span class=\"fn\"><a href=\"https:\/\/radiorevelacionfm.cl\/?author=1\" title=\"Entradas de revelacionfm\" rel=\"author\">revelacionfm<\/a><\/span><\/span><\/span><\/span><\/span><\/header><div class=\"entry-content\"  itemprop=\"text\" ><div class=\"read-more-link\"><a href=\"https:\/\/radiorevelacionfm.cl\/?p=66733\" class=\"more-link\">Leer m\u00e1s<span class=\"more-link-arrow\"><\/span><\/a><\/div>\n<\/div><footer class=\"entry-footer\"><\/footer><div class='post_delimiter'><\/div><\/div><div class='post_author_timeline'><\/div><span class='hidden'>\n\t\t\t\t<span class='av-structured-data'  itemprop=\"image\" itemscope=\"itemscope\" itemtype=\"https:\/\/schema.org\/ImageObject\" >\n\t\t\t\t\t\t<span itemprop='url'>https:\/\/radiorevelacionfm.cl\/wp-content\/uploads\/2026\/04\/FOTO-CALISTO-ONCO-AYSEN-1-1.jpg<\/span>\n\t\t\t\t\t\t<span itemprop='height'>600<\/span>\n\t\t\t\t\t\t<span itemprop='width'>831<\/span>\n\t\t\t\t<\/span>\n\t\t\t\t<span class='av-structured-data'  itemprop=\"publisher\" itemtype=\"https:\/\/schema.org\/Organization\" itemscope=\"itemscope\" >\n\t\t\t\t\t\t<span itemprop='name'>revelacionfm<\/span>\n\t\t\t\t\t\t<span itemprop='logo' itemscope itemtype='https:\/\/schema.org\/ImageObject'>\n\t\t\t\t\t\t\t<span itemprop='url'>http:\/\/radiorevelacionfm.cl\/wp-content\/uploads\/2020\/12\/Sin-titulo1-300x300.png<\/span>\n\t\t\t\t\t\t <\/span>\n\t\t\t\t<\/span><span class='av-structured-data'  itemprop=\"author\" itemscope=\"itemscope\" itemtype=\"https:\/\/schema.org\/Person\" ><span itemprop='name'>revelacionfm<\/span><\/span><span class='av-structured-data'  itemprop=\"datePublished\" datetime=\"2026-04-29T17:47:30-03:00\" >2026-04-29 17:47:30<\/span><span class='av-structured-data'  itemprop=\"dateModified\" itemtype=\"https:\/\/schema.org\/dateModified\" >2026-04-29 17:47:30<\/span><span class='av-structured-data'  itemprop=\"mainEntityOfPage\" itemtype=\"https:\/\/schema.org\/mainEntityOfPage\" ><span itemprop='name'>Calisto pide celeridad en compromisos ante grave crisis oncol\u00f3gica en Ays\u00e9n<\/span><\/span><\/span><\/article><article class='post-entry post-entry-type-standard post-entry-66703 post-loop-5 post-parity-odd single-big with-slider post-66703 post type-post status-publish format-standard has-post-thumbnail hentry category-regional'  itemscope=\"itemscope\" itemtype=\"https:\/\/schema.org\/BlogPosting\" ><div class=\"big-preview single-big\"  itemprop=\"image\" itemscope=\"itemscope\" itemtype=\"https:\/\/schema.org\/ImageObject\" ><a href=\"https:\/\/radiorevelacionfm.cl\/?p=66703\"  title=\"fao-(2)_optimized (1)\" ><img decoding=\"async\" width=\"845\" height=\"321\" src=\"https:\/\/radiorevelacionfm.cl\/wp-content\/uploads\/2026\/04\/fao-2_optimized-1-845x321.jpeg\" class=\"wp-image-66704 avia-img-lazy-loading-66704 attachment-entry_with_sidebar size-entry_with_sidebar wp-post-image\" alt=\"\" \/><\/a><\/div><div class='blog-meta'><\/div><div class='entry-content-wrapper clearfix standard-content'><header class=\"entry-content-header\"><h2 class='post-title entry-title '  itemprop=\"headline\" >\t<a href='https:\/\/radiorevelacionfm.cl\/?p=66703' rel='bookmark' title='Enlace permanente: Coyhaique irrumpe en la FAO y posiciona a Chile como referente global en seguridad alimentaria'>Coyhaique irrumpe en la FAO y posiciona a Chile como referente global en seguridad alimentaria\t\t\t<span class='post-format-icon minor-meta'><\/span>\t<\/a><\/h2><span class='post-meta-infos'><time class='date-container minor-meta updated' >abril 29, 2026<\/time><span class='text-sep text-sep-date'>\/<\/span><span class=\"blog-categories minor-meta\">en <a href=\"https:\/\/radiorevelacionfm.cl\/?cat=38\" rel=\"tag\">Regional<\/a> <\/span><span class=\"text-sep text-sep-cat\">\/<\/span><span class=\"blog-author minor-meta\">por <span class=\"entry-author-link\"  itemprop=\"author\" ><span class=\"author\"><span class=\"fn\"><a href=\"https:\/\/radiorevelacionfm.cl\/?author=1\" title=\"Entradas de revelacionfm\" rel=\"author\">revelacionfm<\/a><\/span><\/span><\/span><\/span><\/span><\/header><div class=\"entry-content\"  itemprop=\"text\" ><div class=\"read-more-link\"><a href=\"https:\/\/radiorevelacionfm.cl\/?p=66703\" class=\"more-link\">Leer m\u00e1s<span class=\"more-link-arrow\"><\/span><\/a><\/div>\n<\/div><footer class=\"entry-footer\"><\/footer><div class='post_delimiter'><\/div><\/div><div class='post_author_timeline'><\/div><span class='hidden'>\n\t\t\t\t<span class='av-structured-data'  itemprop=\"image\" itemscope=\"itemscope\" itemtype=\"https:\/\/schema.org\/ImageObject\" >\n\t\t\t\t\t\t<span itemprop='url'>https:\/\/radiorevelacionfm.cl\/wp-content\/uploads\/2026\/04\/fao-2_optimized-1.jpeg<\/span>\n\t\t\t\t\t\t<span itemprop='height'>600<\/span>\n\t\t\t\t\t\t<span itemprop='width'>932<\/span>\n\t\t\t\t<\/span>\n\t\t\t\t<span class='av-structured-data'  itemprop=\"publisher\" itemtype=\"https:\/\/schema.org\/Organization\" itemscope=\"itemscope\" >\n\t\t\t\t\t\t<span itemprop='name'>revelacionfm<\/span>\n\t\t\t\t\t\t<span itemprop='logo' itemscope itemtype='https:\/\/schema.org\/ImageObject'>\n\t\t\t\t\t\t\t<span itemprop='url'>http:\/\/radiorevelacionfm.cl\/wp-content\/uploads\/2020\/12\/Sin-titulo1-300x300.png<\/span>\n\t\t\t\t\t\t <\/span>\n\t\t\t\t<\/span><span class='av-structured-data'  itemprop=\"author\" itemscope=\"itemscope\" itemtype=\"https:\/\/schema.org\/Person\" ><span itemprop='name'>revelacionfm<\/span><\/span><span class='av-structured-data'  itemprop=\"datePublished\" datetime=\"2026-04-29T16:45:37-03:00\" >2026-04-29 16:45:37<\/span><span class='av-structured-data'  itemprop=\"dateModified\" itemtype=\"https:\/\/schema.org\/dateModified\" >2026-04-29 16:45:37<\/span><span class='av-structured-data'  itemprop=\"mainEntityOfPage\" itemtype=\"https:\/\/schema.org\/mainEntityOfPage\" ><span itemprop='name'>Coyhaique irrumpe en la FAO y posiciona a Chile como referente global en seguridad alimentaria<\/span><\/span><\/span><\/article><article class='post-entry post-entry-type-standard post-entry-66727 post-loop-6 post-parity-even single-big with-slider post-66727 post type-post status-publish format-standard has-post-thumbnail hentry category-regional'  itemscope=\"itemscope\" itemtype=\"https:\/\/schema.org\/BlogPosting\" ><div class=\"big-preview single-big\"  itemprop=\"image\" itemscope=\"itemscope\" itemtype=\"https:\/\/schema.org\/ImageObject\" ><a href=\"https:\/\/radiorevelacionfm.cl\/?p=66727\"  title=\"GET (6) (1) (1)\" ><img decoding=\"async\" width=\"800\" height=\"321\" src=\"https:\/\/radiorevelacionfm.cl\/wp-content\/uploads\/2026\/04\/GET-6-1-1-800x321.jpeg\" class=\"wp-image-66728 avia-img-lazy-loading-66728 attachment-entry_with_sidebar size-entry_with_sidebar wp-post-image\" alt=\"\" \/><\/a><\/div><div class='blog-meta'><\/div><div class='entry-content-wrapper clearfix standard-content'><header class=\"entry-content-header\"><h2 class='post-title entry-title '  itemprop=\"headline\" >\t<a href='https:\/\/radiorevelacionfm.cl\/?p=66727' rel='bookmark' title='Enlace permanente: Realizan primeras Plazas Ciudadanas del a\u00f1o en cuatro localidades de la Provincia General Carrera'>Realizan primeras Plazas Ciudadanas del a\u00f1o en cuatro localidades de la Provincia General Carrera\t\t\t<span class='post-format-icon minor-meta'><\/span>\t<\/a><\/h2><span class='post-meta-infos'><time class='date-container minor-meta updated' >abril 29, 2026<\/time><span class='text-sep text-sep-date'>\/<\/span><span class=\"blog-categories minor-meta\">en <a href=\"https:\/\/radiorevelacionfm.cl\/?cat=38\" rel=\"tag\">Regional<\/a> <\/span><span class=\"text-sep text-sep-cat\">\/<\/span><span class=\"blog-author minor-meta\">por <span class=\"entry-author-link\"  itemprop=\"author\" ><span class=\"author\"><span class=\"fn\"><a href=\"https:\/\/radiorevelacionfm.cl\/?author=1\" title=\"Entradas de revelacionfm\" rel=\"author\">revelacionfm<\/a><\/span><\/span><\/span><\/span><\/span><\/header><div class=\"entry-content\"  itemprop=\"text\" ><div class=\"read-more-link\"><a href=\"https:\/\/radiorevelacionfm.cl\/?p=66727\" class=\"more-link\">Leer m\u00e1s<span class=\"more-link-arrow\"><\/span><\/a><\/div>\n<\/div><footer class=\"entry-footer\"><\/footer><div class='post_delimiter'><\/div><\/div><div class='post_author_timeline'><\/div><span class='hidden'>\n\t\t\t\t<span class='av-structured-data'  itemprop=\"image\" itemscope=\"itemscope\" itemtype=\"https:\/\/schema.org\/ImageObject\" >\n\t\t\t\t\t\t<span itemprop='url'>https:\/\/radiorevelacionfm.cl\/wp-content\/uploads\/2026\/04\/GET-6-1-1.jpeg<\/span>\n\t\t\t\t\t\t<span itemprop='height'>602<\/span>\n\t\t\t\t\t\t<span itemprop='width'>800<\/span>\n\t\t\t\t<\/span>\n\t\t\t\t<span class='av-structured-data'  itemprop=\"publisher\" itemtype=\"https:\/\/schema.org\/Organization\" itemscope=\"itemscope\" >\n\t\t\t\t\t\t<span itemprop='name'>revelacionfm<\/span>\n\t\t\t\t\t\t<span itemprop='logo' itemscope itemtype='https:\/\/schema.org\/ImageObject'>\n\t\t\t\t\t\t\t<span itemprop='url'>http:\/\/radiorevelacionfm.cl\/wp-content\/uploads\/2020\/12\/Sin-titulo1-300x300.png<\/span>\n\t\t\t\t\t\t <\/span>\n\t\t\t\t<\/span><span class='av-structured-data'  itemprop=\"author\" itemscope=\"itemscope\" itemtype=\"https:\/\/schema.org\/Person\" ><span itemprop='name'>revelacionfm<\/span><\/span><span class='av-structured-data'  itemprop=\"datePublished\" datetime=\"2026-04-29T15:28:00-03:00\" >2026-04-29 15:28:00<\/span><span class='av-structured-data'  itemprop=\"dateModified\" itemtype=\"https:\/\/schema.org\/dateModified\" >2026-04-29 15:28:00<\/span><span class='av-structured-data'  itemprop=\"mainEntityOfPage\" itemtype=\"https:\/\/schema.org\/mainEntityOfPage\" ><span itemprop='name'>Realizan primeras Plazas Ciudadanas del a\u00f1o en cuatro localidades de la Provincia General Carrera<\/span><\/span><\/span><\/article><article class='post-entry post-entry-type-standard post-entry-66723 post-loop-7 post-parity-odd single-big with-slider post-66723 post type-post status-publish format-standard has-post-thumbnail hentry category-regional'  itemscope=\"itemscope\" itemtype=\"https:\/\/schema.org\/BlogPosting\" ><div class=\"big-preview single-big\"  itemprop=\"image\" itemscope=\"itemscope\" itemtype=\"https:\/\/schema.org\/ImageObject\" ><a href=\"https:\/\/radiorevelacionfm.cl\/?p=66723\"  title=\"2-acci\u00f3n-local-vs-(1)_optimized\" ><img decoding=\"async\" width=\"845\" height=\"321\" src=\"https:\/\/radiorevelacionfm.cl\/wp-content\/uploads\/2026\/04\/2-accion-local-vs-1_optimized-845x321.jpeg\" class=\"wp-image-66725 avia-img-lazy-loading-66725 attachment-entry_with_sidebar size-entry_with_sidebar wp-post-image\" alt=\"\" \/><\/a><\/div><div class='blog-meta'><\/div><div class='entry-content-wrapper clearfix standard-content'><header class=\"entry-content-header\"><h2 class='post-title entry-title '  itemprop=\"headline\" >\t<a href='https:\/\/radiorevelacionfm.cl\/?p=66723' rel='bookmark' title='Enlace permanente: FOSIS ayuda a fortalecer la comunidad de Valle Simpson a trav\u00e9s de Acci\u00f3n Local'>FOSIS ayuda a fortalecer la comunidad de Valle Simpson a trav\u00e9s de Acci\u00f3n Local\t\t\t<span class='post-format-icon minor-meta'><\/span>\t<\/a><\/h2><span class='post-meta-infos'><time class='date-container minor-meta updated' >abril 29, 2026<\/time><span class='text-sep text-sep-date'>\/<\/span><span class=\"blog-categories minor-meta\">en <a href=\"https:\/\/radiorevelacionfm.cl\/?cat=38\" rel=\"tag\">Regional<\/a> <\/span><span class=\"text-sep text-sep-cat\">\/<\/span><span class=\"blog-author minor-meta\">por <span class=\"entry-author-link\"  itemprop=\"author\" ><span class=\"author\"><span class=\"fn\"><a href=\"https:\/\/radiorevelacionfm.cl\/?author=1\" title=\"Entradas de revelacionfm\" rel=\"author\">revelacionfm<\/a><\/span><\/span><\/span><\/span><\/span><\/header><div class=\"entry-content\"  itemprop=\"text\" ><div class=\"read-more-link\"><a href=\"https:\/\/radiorevelacionfm.cl\/?p=66723\" class=\"more-link\">Leer m\u00e1s<span class=\"more-link-arrow\"><\/span><\/a><\/div>\n<\/div><footer class=\"entry-footer\"><\/footer><div class='post_delimiter'><\/div><\/div><div class='post_author_timeline'><\/div><span class='hidden'>\n\t\t\t\t<span class='av-structured-data'  itemprop=\"image\" itemscope=\"itemscope\" itemtype=\"https:\/\/schema.org\/ImageObject\" >\n\t\t\t\t\t\t<span itemprop='url'>https:\/\/radiorevelacionfm.cl\/wp-content\/uploads\/2026\/04\/2-accion-local-vs-1_optimized.jpeg<\/span>\n\t\t\t\t\t\t<span itemprop='height'>600<\/span>\n\t\t\t\t\t\t<span itemprop='width'>1067<\/span>\n\t\t\t\t<\/span>\n\t\t\t\t<span class='av-structured-data'  itemprop=\"publisher\" itemtype=\"https:\/\/schema.org\/Organization\" itemscope=\"itemscope\" >\n\t\t\t\t\t\t<span itemprop='name'>revelacionfm<\/span>\n\t\t\t\t\t\t<span itemprop='logo' itemscope itemtype='https:\/\/schema.org\/ImageObject'>\n\t\t\t\t\t\t\t<span itemprop='url'>http:\/\/radiorevelacionfm.cl\/wp-content\/uploads\/2020\/12\/Sin-titulo1-300x300.png<\/span>\n\t\t\t\t\t\t <\/span>\n\t\t\t\t<\/span><span class='av-structured-data'  itemprop=\"author\" itemscope=\"itemscope\" itemtype=\"https:\/\/schema.org\/Person\" ><span itemprop='name'>revelacionfm<\/span><\/span><span class='av-structured-data'  itemprop=\"datePublished\" datetime=\"2026-04-29T14:57:46-03:00\" >2026-04-29 14:57:46<\/span><span class='av-structured-data'  itemprop=\"dateModified\" itemtype=\"https:\/\/schema.org\/dateModified\" >2026-04-29 14:57:46<\/span><span class='av-structured-data'  itemprop=\"mainEntityOfPage\" itemtype=\"https:\/\/schema.org\/mainEntityOfPage\" ><span itemprop='name'>FOSIS ayuda a fortalecer la comunidad de Valle Simpson a trav\u00e9s de Acci\u00f3n Local<\/span><\/span><\/span><\/article><article class='post-entry post-entry-type-standard post-entry-66674 post-loop-8 post-parity-even single-big with-slider post-66674 post type-post status-publish format-standard has-post-thumbnail hentry category-justicia'  itemscope=\"itemscope\" itemtype=\"https:\/\/schema.org\/BlogPosting\" ><div class=\"big-preview single-big\"  itemprop=\"image\" itemscope=\"itemscope\" itemtype=\"https:\/\/schema.org\/ImageObject\" ><a href=\"https:\/\/radiorevelacionfm.cl\/?p=66674\"  title=\"informe-(1)_optimized\" ><img decoding=\"async\" width=\"800\" height=\"321\" src=\"https:\/\/radiorevelacionfm.cl\/wp-content\/uploads\/2026\/04\/informe-1_optimized-800x321.jpg\" class=\"wp-image-66675 avia-img-lazy-loading-66675 attachment-entry_with_sidebar size-entry_with_sidebar wp-post-image\" alt=\"\" \/><\/a><\/div><div class='blog-meta'><\/div><div class='entry-content-wrapper clearfix standard-content'><header class=\"entry-content-header\"><h2 class='post-title entry-title '  itemprop=\"headline\" >\t<a href='https:\/\/radiorevelacionfm.cl\/?p=66674' rel='bookmark' title='Enlace permanente: Presentan informe de caracterizaci\u00f3n de j\u00f3venes en conflicto con la justicia en la Regi\u00f3n de Ays\u00e9n'>Presentan informe de caracterizaci\u00f3n de j\u00f3venes en conflicto con la justicia en la Regi\u00f3n de Ays\u00e9n\t\t\t<span class='post-format-icon minor-meta'><\/span>\t<\/a><\/h2><span class='post-meta-infos'><time class='date-container minor-meta updated' >abril 29, 2026<\/time><span class='text-sep text-sep-date'>\/<\/span><span class=\"blog-categories minor-meta\">en <a href=\"https:\/\/radiorevelacionfm.cl\/?cat=55\" rel=\"tag\">Justicia<\/a> <\/span><span class=\"text-sep text-sep-cat\">\/<\/span><span class=\"blog-author minor-meta\">por <span class=\"entry-author-link\"  itemprop=\"author\" ><span class=\"author\"><span class=\"fn\"><a href=\"https:\/\/radiorevelacionfm.cl\/?author=1\" title=\"Entradas de revelacionfm\" rel=\"author\">revelacionfm<\/a><\/span><\/span><\/span><\/span><\/span><\/header><div class=\"entry-content\"  itemprop=\"text\" ><div class=\"read-more-link\"><a href=\"https:\/\/radiorevelacionfm.cl\/?p=66674\" class=\"more-link\">Leer m\u00e1s<span class=\"more-link-arrow\"><\/span><\/a><\/div>\n<\/div><footer class=\"entry-footer\"><\/footer><div class='post_delimiter'><\/div><\/div><div class='post_author_timeline'><\/div><span class='hidden'>\n\t\t\t\t<span class='av-structured-data'  itemprop=\"image\" itemscope=\"itemscope\" itemtype=\"https:\/\/schema.org\/ImageObject\" >\n\t\t\t\t\t\t<span itemprop='url'>https:\/\/radiorevelacionfm.cl\/wp-content\/uploads\/2026\/04\/informe-1_optimized.jpg<\/span>\n\t\t\t\t\t\t<span itemprop='height'>600<\/span>\n\t\t\t\t\t\t<span itemprop='width'>800<\/span>\n\t\t\t\t<\/span>\n\t\t\t\t<span class='av-structured-data'  itemprop=\"publisher\" itemtype=\"https:\/\/schema.org\/Organization\" itemscope=\"itemscope\" >\n\t\t\t\t\t\t<span itemprop='name'>revelacionfm<\/span>\n\t\t\t\t\t\t<span itemprop='logo' itemscope itemtype='https:\/\/schema.org\/ImageObject'>\n\t\t\t\t\t\t\t<span itemprop='url'>http:\/\/radiorevelacionfm.cl\/wp-content\/uploads\/2020\/12\/Sin-titulo1-300x300.png<\/span>\n\t\t\t\t\t\t <\/span>\n\t\t\t\t<\/span><span class='av-structured-data'  itemprop=\"author\" itemscope=\"itemscope\" itemtype=\"https:\/\/schema.org\/Person\" ><span itemprop='name'>revelacionfm<\/span><\/span><span class='av-structured-data'  itemprop=\"datePublished\" datetime=\"2026-04-29T11:24:07-03:00\" >2026-04-29 11:24:07<\/span><span class='av-structured-data'  itemprop=\"dateModified\" itemtype=\"https:\/\/schema.org\/dateModified\" >2026-04-29 11:24:07<\/span><span class='av-structured-data'  itemprop=\"mainEntityOfPage\" itemtype=\"https:\/\/schema.org\/mainEntityOfPage\" ><span itemprop='name'>Presentan informe de caracterizaci\u00f3n de j\u00f3venes en conflicto con la justicia en la Regi\u00f3n de Ays\u00e9n<\/span><\/span><\/span><\/article><article class='post-entry post-entry-type-standard post-entry-66713 post-loop-9 post-parity-odd single-big with-slider post-66713 post type-post status-publish format-standard has-post-thumbnail hentry category-regional'  itemscope=\"itemscope\" itemtype=\"https:\/\/schema.org\/BlogPosting\" ><div class=\"big-preview single-big\"  itemprop=\"image\" itemscope=\"itemscope\" itemtype=\"https:\/\/schema.org\/ImageObject\" ><a href=\"https:\/\/radiorevelacionfm.cl\/?p=66713\"  title=\"cft-ays\u00e9n-(2)-(1)_optimized\" ><img decoding=\"async\" width=\"800\" height=\"321\" src=\"https:\/\/radiorevelacionfm.cl\/wp-content\/uploads\/2026\/04\/cft-aysen-2-1_optimized-800x321.jpeg\" class=\"wp-image-66714 avia-img-lazy-loading-66714 attachment-entry_with_sidebar size-entry_with_sidebar wp-post-image\" alt=\"\" \/><\/a><\/div><div class='blog-meta'><\/div><div class='entry-content-wrapper clearfix standard-content'><header class=\"entry-content-header\"><h2 class='post-title entry-title '  itemprop=\"headline\" >\t<a href='https:\/\/radiorevelacionfm.cl\/?p=66713' rel='bookmark' title='Enlace permanente: Edelaysen acerca la generaci\u00f3n el\u00e9ctrica a estudiantes del CFT Ays\u00e9n en visita a la Central Tehuelche'>Edelaysen acerca la generaci\u00f3n el\u00e9ctrica a estudiantes del CFT Ays\u00e9n en visita a la Central Tehuelche\t\t\t<span class='post-format-icon minor-meta'><\/span>\t<\/a><\/h2><span class='post-meta-infos'><time class='date-container minor-meta updated' >abril 29, 2026<\/time><span class='text-sep text-sep-date'>\/<\/span><span class=\"blog-categories minor-meta\">en <a href=\"https:\/\/radiorevelacionfm.cl\/?cat=38\" rel=\"tag\">Regional<\/a> <\/span><span class=\"text-sep text-sep-cat\">\/<\/span><span class=\"blog-author minor-meta\">por <span class=\"entry-author-link\"  itemprop=\"author\" ><span class=\"author\"><span class=\"fn\"><a href=\"https:\/\/radiorevelacionfm.cl\/?author=1\" title=\"Entradas de revelacionfm\" rel=\"author\">revelacionfm<\/a><\/span><\/span><\/span><\/span><\/span><\/header><div class=\"entry-content\"  itemprop=\"text\" ><div class=\"read-more-link\"><a href=\"https:\/\/radiorevelacionfm.cl\/?p=66713\" class=\"more-link\">Leer m\u00e1s<span class=\"more-link-arrow\"><\/span><\/a><\/div>\n<\/div><footer class=\"entry-footer\"><\/footer><div class='post_delimiter'><\/div><\/div><div class='post_author_timeline'><\/div><span class='hidden'>\n\t\t\t\t<span class='av-structured-data'  itemprop=\"image\" itemscope=\"itemscope\" itemtype=\"https:\/\/schema.org\/ImageObject\" >\n\t\t\t\t\t\t<span itemprop='url'>https:\/\/radiorevelacionfm.cl\/wp-content\/uploads\/2026\/04\/cft-aysen-2-1_optimized.jpeg<\/span>\n\t\t\t\t\t\t<span itemprop='height'>600<\/span>\n\t\t\t\t\t\t<span itemprop='width'>800<\/span>\n\t\t\t\t<\/span>\n\t\t\t\t<span class='av-structured-data'  itemprop=\"publisher\" itemtype=\"https:\/\/schema.org\/Organization\" itemscope=\"itemscope\" >\n\t\t\t\t\t\t<span itemprop='name'>revelacionfm<\/span>\n\t\t\t\t\t\t<span itemprop='logo' itemscope itemtype='https:\/\/schema.org\/ImageObject'>\n\t\t\t\t\t\t\t<span itemprop='url'>http:\/\/radiorevelacionfm.cl\/wp-content\/uploads\/2020\/12\/Sin-titulo1-300x300.png<\/span>\n\t\t\t\t\t\t <\/span>\n\t\t\t\t<\/span><span class='av-structured-data'  itemprop=\"author\" itemscope=\"itemscope\" itemtype=\"https:\/\/schema.org\/Person\" ><span itemprop='name'>revelacionfm<\/span><\/span><span class='av-structured-data'  itemprop=\"datePublished\" datetime=\"2026-04-29T11:07:12-03:00\" >2026-04-29 11:07:12<\/span><span class='av-structured-data'  itemprop=\"dateModified\" itemtype=\"https:\/\/schema.org\/dateModified\" >2026-04-29 11:07:12<\/span><span class='av-structured-data'  itemprop=\"mainEntityOfPage\" itemtype=\"https:\/\/schema.org\/mainEntityOfPage\" ><span itemprop='name'>Edelaysen acerca la generaci\u00f3n el\u00e9ctrica a estudiantes del CFT Ays\u00e9n en visita a la Central Tehuelche<\/span><\/span><\/span><\/article><article class='post-entry post-entry-type-standard post-entry-66678 post-loop-10 post-parity-even single-big with-slider post-66678 post type-post status-publish format-standard has-post-thumbnail hentry category-justicia'  itemscope=\"itemscope\" itemtype=\"https:\/\/schema.org\/BlogPosting\" ><div class=\"big-preview single-big\"  itemprop=\"image\" itemscope=\"itemscope\" itemtype=\"https:\/\/schema.org\/ImageObject\" ><a href=\"https:\/\/radiorevelacionfm.cl\/?p=66678\"  title=\"nueva-ley-notar\u00edas-(1)_optimized\" ><img decoding=\"async\" width=\"845\" height=\"321\" src=\"https:\/\/radiorevelacionfm.cl\/wp-content\/uploads\/2026\/04\/nueva-ley-notarias-1_optimized-845x321.jpg\" class=\"wp-image-66679 avia-img-lazy-loading-66679 attachment-entry_with_sidebar size-entry_with_sidebar wp-post-image\" alt=\"\" \/><\/a><\/div><div class='blog-meta'><\/div><div class='entry-content-wrapper clearfix standard-content'><header class=\"entry-content-header\"><h2 class='post-title entry-title '  itemprop=\"headline\" >\t<a href='https:\/\/radiorevelacionfm.cl\/?p=66678' rel='bookmark' title='Enlace permanente: Autoridades regionales se refieren a los principales alcances de la nueva Reforma al Sistema Notarial y Registral en Chile'>Autoridades regionales se refieren a los principales alcances de la nueva Reforma al Sistema Notarial y Registral en Chile\t\t\t<span class='post-format-icon minor-meta'><\/span>\t<\/a><\/h2><span class='post-meta-infos'><time class='date-container minor-meta updated' >abril 29, 2026<\/time><span class='text-sep text-sep-date'>\/<\/span><span class=\"blog-categories minor-meta\">en <a href=\"https:\/\/radiorevelacionfm.cl\/?cat=55\" rel=\"tag\">Justicia<\/a> <\/span><span class=\"text-sep text-sep-cat\">\/<\/span><span class=\"blog-author minor-meta\">por <span class=\"entry-author-link\"  itemprop=\"author\" ><span class=\"author\"><span class=\"fn\"><a href=\"https:\/\/radiorevelacionfm.cl\/?author=1\" title=\"Entradas de revelacionfm\" rel=\"author\">revelacionfm<\/a><\/span><\/span><\/span><\/span><\/span><\/header><div class=\"entry-content\"  itemprop=\"text\" ><div class=\"read-more-link\"><a href=\"https:\/\/radiorevelacionfm.cl\/?p=66678\" class=\"more-link\">Leer m\u00e1s<span class=\"more-link-arrow\"><\/span><\/a><\/div>\n<\/div><footer class=\"entry-footer\"><\/footer><div class='post_delimiter'><\/div><\/div><div class='post_author_timeline'><\/div><span class='hidden'>\n\t\t\t\t<span class='av-structured-data'  itemprop=\"image\" itemscope=\"itemscope\" itemtype=\"https:\/\/schema.org\/ImageObject\" >\n\t\t\t\t\t\t<span itemprop='url'>https:\/\/radiorevelacionfm.cl\/wp-content\/uploads\/2026\/04\/nueva-ley-notarias-1_optimized.jpg<\/span>\n\t\t\t\t\t\t<span itemprop='height'>600<\/span>\n\t\t\t\t\t\t<span itemprop='width'>878<\/span>\n\t\t\t\t<\/span>\n\t\t\t\t<span class='av-structured-data'  itemprop=\"publisher\" itemtype=\"https:\/\/schema.org\/Organization\" itemscope=\"itemscope\" >\n\t\t\t\t\t\t<span itemprop='name'>revelacionfm<\/span>\n\t\t\t\t\t\t<span itemprop='logo' itemscope itemtype='https:\/\/schema.org\/ImageObject'>\n\t\t\t\t\t\t\t<span itemprop='url'>http:\/\/radiorevelacionfm.cl\/wp-content\/uploads\/2020\/12\/Sin-titulo1-300x300.png<\/span>\n\t\t\t\t\t\t <\/span>\n\t\t\t\t<\/span><span class='av-structured-data'  itemprop=\"author\" itemscope=\"itemscope\" itemtype=\"https:\/\/schema.org\/Person\" ><span itemprop='name'>revelacionfm<\/span><\/span><span class='av-structured-data'  itemprop=\"datePublished\" datetime=\"2026-04-29T10:11:02-03:00\" >2026-04-29 10:11:02<\/span><span class='av-structured-data'  itemprop=\"dateModified\" itemtype=\"https:\/\/schema.org\/dateModified\" >2026-04-29 10:11:02<\/span><span class='av-structured-data'  itemprop=\"mainEntityOfPage\" itemtype=\"https:\/\/schema.org\/mainEntityOfPage\" ><span itemprop='name'>Autoridades regionales se refieren a los principales alcances de la nueva Reforma al Sistema Notarial y Registral en Chile<\/span><\/span><\/span><\/article><article class='post-entry post-entry-type-standard post-entry-66683 post-loop-11 post-parity-odd single-big with-slider post-66683 post type-post status-publish format-standard has-post-thumbnail hentry category-regional'  itemscope=\"itemscope\" itemtype=\"https:\/\/schema.org\/BlogPosting\" ><div class=\"big-preview single-big\"  itemprop=\"image\" itemscope=\"itemscope\" itemtype=\"https:\/\/schema.org\/ImageObject\" ><a href=\"https:\/\/radiorevelacionfm.cl\/?p=66683\"  title=\"Charla Bulling Kalem 3 (1) (1) (1)\" ><img decoding=\"async\" width=\"845\" height=\"321\" src=\"https:\/\/radiorevelacionfm.cl\/wp-content\/uploads\/2026\/04\/Charla-Bulling-Kalem-3-1-1-1-845x321.jpg\" class=\"wp-image-66684 avia-img-lazy-loading-66684 attachment-entry_with_sidebar size-entry_with_sidebar wp-post-image\" alt=\"\" \/><\/a><\/div><div class='blog-meta'><\/div><div class='entry-content-wrapper clearfix standard-content'><header class=\"entry-content-header\"><h2 class='post-title entry-title '  itemprop=\"headline\" >\t<a href='https:\/\/radiorevelacionfm.cl\/?p=66683' rel='bookmark' title='Enlace permanente: Inician ciclo de charlas sobre ciberbullying en establecimientos educacionales de Ays\u00e9n'>Inician ciclo de charlas sobre ciberbullying en establecimientos educacionales de Ays\u00e9n\t\t\t<span class='post-format-icon minor-meta'><\/span>\t<\/a><\/h2><span class='post-meta-infos'><time class='date-container minor-meta updated' >abril 29, 2026<\/time><span class='text-sep text-sep-date'>\/<\/span><span class=\"blog-categories minor-meta\">en <a href=\"https:\/\/radiorevelacionfm.cl\/?cat=38\" rel=\"tag\">Regional<\/a> <\/span><span class=\"text-sep text-sep-cat\">\/<\/span><span class=\"blog-author minor-meta\">por <span class=\"entry-author-link\"  itemprop=\"author\" ><span class=\"author\"><span class=\"fn\"><a href=\"https:\/\/radiorevelacionfm.cl\/?author=1\" title=\"Entradas de revelacionfm\" rel=\"author\">revelacionfm<\/a><\/span><\/span><\/span><\/span><\/span><\/header><div class=\"entry-content\"  itemprop=\"text\" ><div class=\"read-more-link\"><a href=\"https:\/\/radiorevelacionfm.cl\/?p=66683\" class=\"more-link\">Leer m\u00e1s<span class=\"more-link-arrow\"><\/span><\/a><\/div>\n<\/div><footer class=\"entry-footer\"><\/footer><div class='post_delimiter'><\/div><\/div><div class='post_author_timeline'><\/div><span class='hidden'>\n\t\t\t\t<span class='av-structured-data'  itemprop=\"image\" itemscope=\"itemscope\" itemtype=\"https:\/\/schema.org\/ImageObject\" >\n\t\t\t\t\t\t<span itemprop='url'>https:\/\/radiorevelacionfm.cl\/wp-content\/uploads\/2026\/04\/Charla-Bulling-Kalem-3-1-1-1.jpg<\/span>\n\t\t\t\t\t\t<span itemprop='height'>600<\/span>\n\t\t\t\t\t\t<span itemprop='width'>900<\/span>\n\t\t\t\t<\/span>\n\t\t\t\t<span class='av-structured-data'  itemprop=\"publisher\" itemtype=\"https:\/\/schema.org\/Organization\" itemscope=\"itemscope\" >\n\t\t\t\t\t\t<span itemprop='name'>revelacionfm<\/span>\n\t\t\t\t\t\t<span itemprop='logo' itemscope itemtype='https:\/\/schema.org\/ImageObject'>\n\t\t\t\t\t\t\t<span itemprop='url'>http:\/\/radiorevelacionfm.cl\/wp-content\/uploads\/2020\/12\/Sin-titulo1-300x300.png<\/span>\n\t\t\t\t\t\t <\/span>\n\t\t\t\t<\/span><span class='av-structured-data'  itemprop=\"author\" itemscope=\"itemscope\" itemtype=\"https:\/\/schema.org\/Person\" ><span itemprop='name'>revelacionfm<\/span><\/span><span class='av-structured-data'  itemprop=\"datePublished\" datetime=\"2026-04-29T10:00:50-03:00\" >2026-04-29 10:00:50<\/span><span class='av-structured-data'  itemprop=\"dateModified\" itemtype=\"https:\/\/schema.org\/dateModified\" >2026-04-29 10:00:50<\/span><span class='av-structured-data'  itemprop=\"mainEntityOfPage\" itemtype=\"https:\/\/schema.org\/mainEntityOfPage\" ><span itemprop='name'>Inician ciclo de charlas sobre ciberbullying en establecimientos educacionales de Ays\u00e9n<\/span><\/span><\/span><\/article><article class='post-entry post-entry-type-standard post-entry-66709 post-loop-12 post-parity-even single-big with-slider post-66709 post type-post status-publish format-standard has-post-thumbnail hentry category-regional'  itemscope=\"itemscope\" itemtype=\"https:\/\/schema.org\/BlogPosting\" ><div class=\"big-preview single-big\"  itemprop=\"image\" itemscope=\"itemscope\" itemtype=\"https:\/\/schema.org\/ImageObject\" ><a href=\"https:\/\/radiorevelacionfm.cl\/?p=66709\"  title=\"Accidente 28.04.26-F1\" ><img decoding=\"async\" width=\"845\" height=\"321\" src=\"https:\/\/radiorevelacionfm.cl\/wp-content\/uploads\/2026\/04\/Accidente-28.04.26-F1-845x321.jpg\" class=\"wp-image-66710 avia-img-lazy-loading-66710 attachment-entry_with_sidebar size-entry_with_sidebar wp-post-image\" alt=\"\" \/><\/a><\/div><div class='blog-meta'><\/div><div class='entry-content-wrapper clearfix standard-content'><header class=\"entry-content-header\"><h2 class='post-title entry-title '  itemprop=\"headline\" >\t<a href='https:\/\/radiorevelacionfm.cl\/?p=66709' rel='bookmark' title='Enlace permanente: Autom\u00f3vil impacta contra barrera de contenci\u00f3n en Ruta Coyhaique &#8211; Puerto Ays\u00e9n, resultando una mujer lesionada'>Autom\u00f3vil impacta contra barrera de contenci\u00f3n en Ruta Coyhaique &#8211; Puerto Ays\u00e9n, resultando una mujer lesionada\t\t\t<span class='post-format-icon minor-meta'><\/span>\t<\/a><\/h2><span class='post-meta-infos'><time class='date-container minor-meta updated' >abril 28, 2026<\/time><span class='text-sep text-sep-date'>\/<\/span><span class=\"blog-categories minor-meta\">en <a href=\"https:\/\/radiorevelacionfm.cl\/?cat=38\" rel=\"tag\">Regional<\/a> <\/span><span class=\"text-sep text-sep-cat\">\/<\/span><span class=\"blog-author minor-meta\">por <span class=\"entry-author-link\"  itemprop=\"author\" ><span class=\"author\"><span class=\"fn\"><a href=\"https:\/\/radiorevelacionfm.cl\/?author=1\" title=\"Entradas de revelacionfm\" rel=\"author\">revelacionfm<\/a><\/span><\/span><\/span><\/span><\/span><\/header><div class=\"entry-content\"  itemprop=\"text\" ><div class=\"read-more-link\"><a href=\"https:\/\/radiorevelacionfm.cl\/?p=66709\" class=\"more-link\">Leer m\u00e1s<span class=\"more-link-arrow\"><\/span><\/a><\/div>\n<\/div><footer class=\"entry-footer\"><\/footer><div class='post_delimiter'><\/div><\/div><div class='post_author_timeline'><\/div><span class='hidden'>\n\t\t\t\t<span class='av-structured-data'  itemprop=\"image\" itemscope=\"itemscope\" itemtype=\"https:\/\/schema.org\/ImageObject\" >\n\t\t\t\t\t\t<span itemprop='url'>https:\/\/radiorevelacionfm.cl\/wp-content\/uploads\/2026\/04\/Accidente-28.04.26-F1.jpg<\/span>\n\t\t\t\t\t\t<span itemprop='height'>600<\/span>\n\t\t\t\t\t\t<span itemprop='width'>961<\/span>\n\t\t\t\t<\/span>\n\t\t\t\t<span class='av-structured-data'  itemprop=\"publisher\" itemtype=\"https:\/\/schema.org\/Organization\" itemscope=\"itemscope\" >\n\t\t\t\t\t\t<span itemprop='name'>revelacionfm<\/span>\n\t\t\t\t\t\t<span itemprop='logo' itemscope itemtype='https:\/\/schema.org\/ImageObject'>\n\t\t\t\t\t\t\t<span itemprop='url'>http:\/\/radiorevelacionfm.cl\/wp-content\/uploads\/2020\/12\/Sin-titulo1-300x300.png<\/span>\n\t\t\t\t\t\t <\/span>\n\t\t\t\t<\/span><span class='av-structured-data'  itemprop=\"author\" itemscope=\"itemscope\" itemtype=\"https:\/\/schema.org\/Person\" ><span itemprop='name'>revelacionfm<\/span><\/span><span class='av-structured-data'  itemprop=\"datePublished\" datetime=\"2026-04-28T22:24:21-03:00\" >2026-04-28 22:24:21<\/span><span class='av-structured-data'  itemprop=\"dateModified\" itemtype=\"https:\/\/schema.org\/dateModified\" >2026-04-28 22:24:21<\/span><span class='av-structured-data'  itemprop=\"mainEntityOfPage\" itemtype=\"https:\/\/schema.org\/mainEntityOfPage\" ><span itemprop='name'>Autom\u00f3vil impacta contra barrera de contenci\u00f3n en Ruta Coyhaique &#8211; Puerto Ays\u00e9n, resultando una mujer lesionada<\/span><\/span><\/span><\/article><article class='post-entry post-entry-type-standard post-entry-66701 post-loop-13 post-parity-odd single-big with-slider post-66701 post type-post status-publish format-standard has-post-thumbnail hentry category-justicia'  itemscope=\"itemscope\" itemtype=\"https:\/\/schema.org\/BlogPosting\" ><div class=\"big-preview single-big\"  itemprop=\"image\" itemscope=\"itemscope\" itemtype=\"https:\/\/schema.org\/ImageObject\" ><a href=\"https:\/\/radiorevelacionfm.cl\/?p=66701\"  title=\"juzgado-aysen-(1)_optimized (1)\" ><img decoding=\"async\" width=\"845\" height=\"321\" src=\"https:\/\/radiorevelacionfm.cl\/wp-content\/uploads\/2025\/05\/juzgado-aysen-1_optimized-1-845x321.jpg\" class=\"wp-image-54190 avia-img-lazy-loading-54190 attachment-entry_with_sidebar size-entry_with_sidebar wp-post-image\" alt=\"\" \/><\/a><\/div><div class='blog-meta'><\/div><div class='entry-content-wrapper clearfix standard-content'><header class=\"entry-content-header\"><h2 class='post-title entry-title '  itemprop=\"headline\" >\t<a href='https:\/\/radiorevelacionfm.cl\/?p=66701' rel='bookmark' title='Enlace permanente: Juzgado de Puerto Ays\u00e9n decreta la internaci\u00f3n de imputado adolescente por robo y disparos injustificados'>Juzgado de Puerto Ays\u00e9n decreta la internaci\u00f3n de imputado adolescente por robo y disparos injustificados\t\t\t<span class='post-format-icon minor-meta'><\/span>\t<\/a><\/h2><span class='post-meta-infos'><time class='date-container minor-meta updated' >abril 28, 2026<\/time><span class='text-sep text-sep-date'>\/<\/span><span class=\"blog-categories minor-meta\">en <a href=\"https:\/\/radiorevelacionfm.cl\/?cat=55\" rel=\"tag\">Justicia<\/a> <\/span><span class=\"text-sep text-sep-cat\">\/<\/span><span class=\"blog-author minor-meta\">por <span class=\"entry-author-link\"  itemprop=\"author\" ><span class=\"author\"><span class=\"fn\"><a href=\"https:\/\/radiorevelacionfm.cl\/?author=1\" title=\"Entradas de revelacionfm\" rel=\"author\">revelacionfm<\/a><\/span><\/span><\/span><\/span><\/span><\/header><div class=\"entry-content\"  itemprop=\"text\" ><div class=\"read-more-link\"><a href=\"https:\/\/radiorevelacionfm.cl\/?p=66701\" class=\"more-link\">Leer m\u00e1s<span class=\"more-link-arrow\"><\/span><\/a><\/div>\n<\/div><footer class=\"entry-footer\"><\/footer><div class='post_delimiter'><\/div><\/div><div class='post_author_timeline'><\/div><span class='hidden'>\n\t\t\t\t<span class='av-structured-data'  itemprop=\"image\" itemscope=\"itemscope\" itemtype=\"https:\/\/schema.org\/ImageObject\" >\n\t\t\t\t\t\t<span itemprop='url'>https:\/\/radiorevelacionfm.cl\/wp-content\/uploads\/2025\/05\/juzgado-aysen-1_optimized-1.jpg<\/span>\n\t\t\t\t\t\t<span itemprop='height'>600<\/span>\n\t\t\t\t\t\t<span itemprop='width'>941<\/span>\n\t\t\t\t<\/span>\n\t\t\t\t<span class='av-structured-data'  itemprop=\"publisher\" itemtype=\"https:\/\/schema.org\/Organization\" itemscope=\"itemscope\" >\n\t\t\t\t\t\t<span itemprop='name'>revelacionfm<\/span>\n\t\t\t\t\t\t<span itemprop='logo' itemscope itemtype='https:\/\/schema.org\/ImageObject'>\n\t\t\t\t\t\t\t<span itemprop='url'>http:\/\/radiorevelacionfm.cl\/wp-content\/uploads\/2020\/12\/Sin-titulo1-300x300.png<\/span>\n\t\t\t\t\t\t <\/span>\n\t\t\t\t<\/span><span class='av-structured-data'  itemprop=\"author\" itemscope=\"itemscope\" itemtype=\"https:\/\/schema.org\/Person\" ><span itemprop='name'>revelacionfm<\/span><\/span><span class='av-structured-data'  itemprop=\"datePublished\" datetime=\"2026-04-28T20:57:11-03:00\" >2026-04-28 20:57:11<\/span><span class='av-structured-data'  itemprop=\"dateModified\" itemtype=\"https:\/\/schema.org\/dateModified\" >2026-04-28 20:57:11<\/span><span class='av-structured-data'  itemprop=\"mainEntityOfPage\" itemtype=\"https:\/\/schema.org\/mainEntityOfPage\" ><span itemprop='name'>Juzgado de Puerto Ays\u00e9n decreta la internaci\u00f3n de imputado adolescente por robo y disparos injustificados<\/span><\/span><\/span><\/article><article class='post-entry post-entry-type-standard post-entry-66697 post-loop-14 post-parity-even single-big with-slider post-66697 post type-post status-publish format-standard has-post-thumbnail hentry category-regional'  itemscope=\"itemscope\" itemtype=\"https:\/\/schema.org\/BlogPosting\" ><div class=\"big-preview single-big\"  itemprop=\"image\" itemscope=\"itemscope\" itemtype=\"https:\/\/schema.org\/ImageObject\" ><a href=\"https:\/\/radiorevelacionfm.cl\/?p=66697\"  title=\"drone-lote-45-(1)-(1)_optimized (1)\" ><img decoding=\"async\" width=\"845\" height=\"321\" src=\"https:\/\/radiorevelacionfm.cl\/wp-content\/uploads\/2026\/04\/drone-lote-45-1-1_optimized-1-845x321.jpeg\" class=\"wp-image-66698 avia-img-lazy-loading-66698 attachment-entry_with_sidebar size-entry_with_sidebar wp-post-image\" alt=\"\" \/><\/a><\/div><div class='blog-meta'><\/div><div class='entry-content-wrapper clearfix standard-content'><header class=\"entry-content-header\"><h2 class='post-title entry-title '  itemprop=\"headline\" >\t<a href='https:\/\/radiorevelacionfm.cl\/?p=66697' rel='bookmark' title='Enlace permanente: Coyhaique: 38 veh\u00edculos del corral municipal ser\u00e1n rematados mediante un proceso p\u00fablico y transparente'>Coyhaique: 38 veh\u00edculos del corral municipal ser\u00e1n rematados mediante un proceso p\u00fablico y transparente\t\t\t<span class='post-format-icon minor-meta'><\/span>\t<\/a><\/h2><span class='post-meta-infos'><time class='date-container minor-meta updated' >abril 28, 2026<\/time><span class='text-sep text-sep-date'>\/<\/span><span class=\"blog-categories minor-meta\">en <a href=\"https:\/\/radiorevelacionfm.cl\/?cat=38\" rel=\"tag\">Regional<\/a> <\/span><span class=\"text-sep text-sep-cat\">\/<\/span><span class=\"blog-author minor-meta\">por <span class=\"entry-author-link\"  itemprop=\"author\" ><span class=\"author\"><span class=\"fn\"><a href=\"https:\/\/radiorevelacionfm.cl\/?author=1\" title=\"Entradas de revelacionfm\" rel=\"author\">revelacionfm<\/a><\/span><\/span><\/span><\/span><\/span><\/header><div class=\"entry-content\"  itemprop=\"text\" ><div class=\"read-more-link\"><a href=\"https:\/\/radiorevelacionfm.cl\/?p=66697\" class=\"more-link\">Leer m\u00e1s<span class=\"more-link-arrow\"><\/span><\/a><\/div>\n<\/div><footer class=\"entry-footer\"><\/footer><div class='post_delimiter'><\/div><\/div><div class='post_author_timeline'><\/div><span class='hidden'>\n\t\t\t\t<span class='av-structured-data'  itemprop=\"image\" itemscope=\"itemscope\" itemtype=\"https:\/\/schema.org\/ImageObject\" >\n\t\t\t\t\t\t<span itemprop='url'>https:\/\/radiorevelacionfm.cl\/wp-content\/uploads\/2026\/04\/drone-lote-45-1-1_optimized-1.jpeg<\/span>\n\t\t\t\t\t\t<span itemprop='height'>600<\/span>\n\t\t\t\t\t\t<span itemprop='width'>1074<\/span>\n\t\t\t\t<\/span>\n\t\t\t\t<span class='av-structured-data'  itemprop=\"publisher\" itemtype=\"https:\/\/schema.org\/Organization\" itemscope=\"itemscope\" >\n\t\t\t\t\t\t<span itemprop='name'>revelacionfm<\/span>\n\t\t\t\t\t\t<span itemprop='logo' itemscope itemtype='https:\/\/schema.org\/ImageObject'>\n\t\t\t\t\t\t\t<span itemprop='url'>http:\/\/radiorevelacionfm.cl\/wp-content\/uploads\/2020\/12\/Sin-titulo1-300x300.png<\/span>\n\t\t\t\t\t\t <\/span>\n\t\t\t\t<\/span><span class='av-structured-data'  itemprop=\"author\" itemscope=\"itemscope\" itemtype=\"https:\/\/schema.org\/Person\" ><span itemprop='name'>revelacionfm<\/span><\/span><span class='av-structured-data'  itemprop=\"datePublished\" datetime=\"2026-04-28T20:42:50-03:00\" >2026-04-28 20:42:50<\/span><span class='av-structured-data'  itemprop=\"dateModified\" itemtype=\"https:\/\/schema.org\/dateModified\" >2026-04-28 20:42:50<\/span><span class='av-structured-data'  itemprop=\"mainEntityOfPage\" itemtype=\"https:\/\/schema.org\/mainEntityOfPage\" ><span itemprop='name'>Coyhaique: 38 veh\u00edculos del corral municipal ser\u00e1n rematados mediante un proceso p\u00fablico y transparente<\/span><\/span><\/span><\/article><article class='post-entry post-entry-type-standard post-entry-66689 post-loop-15 post-parity-odd single-big with-slider post-66689 post type-post status-publish format-standard has-post-thumbnail hentry category-regional'  itemscope=\"itemscope\" itemtype=\"https:\/\/schema.org\/BlogPosting\" ><div class=\"big-preview single-big\"  itemprop=\"image\" itemscope=\"itemscope\" itemtype=\"https:\/\/schema.org\/ImageObject\" ><a href=\"https:\/\/radiorevelacionfm.cl\/?p=66689\"  title=\"entrega-capital-de-trabajo-la-junta-(1)_optimized\" ><img decoding=\"async\" width=\"845\" height=\"321\" src=\"https:\/\/radiorevelacionfm.cl\/wp-content\/uploads\/2026\/04\/entrega-capital-de-trabajo-la-junta-1_optimized-845x321.jpg\" class=\"wp-image-66690 avia-img-lazy-loading-66690 attachment-entry_with_sidebar size-entry_with_sidebar wp-post-image\" alt=\"\" \/><\/a><\/div><div class='blog-meta'><\/div><div class='entry-content-wrapper clearfix standard-content'><header class=\"entry-content-header\"><h2 class='post-title entry-title '  itemprop=\"headline\" >\t<a href='https:\/\/radiorevelacionfm.cl\/?p=66689' rel='bookmark' title='Enlace permanente: Indap entrega m\u00e1s de 23 toneladas de alimentaci\u00f3n invernal en La Junta'>Indap entrega m\u00e1s de 23 toneladas de alimentaci\u00f3n invernal en La Junta\t\t\t<span class='post-format-icon minor-meta'><\/span>\t<\/a><\/h2><span class='post-meta-infos'><time class='date-container minor-meta updated' >abril 28, 2026<\/time><span class='text-sep text-sep-date'>\/<\/span><span class=\"blog-categories minor-meta\">en <a href=\"https:\/\/radiorevelacionfm.cl\/?cat=38\" rel=\"tag\">Regional<\/a> <\/span><span class=\"text-sep text-sep-cat\">\/<\/span><span class=\"blog-author minor-meta\">por <span class=\"entry-author-link\"  itemprop=\"author\" ><span class=\"author\"><span class=\"fn\"><a href=\"https:\/\/radiorevelacionfm.cl\/?author=1\" title=\"Entradas de revelacionfm\" rel=\"author\">revelacionfm<\/a><\/span><\/span><\/span><\/span><\/span><\/header><div class=\"entry-content\"  itemprop=\"text\" ><div class=\"read-more-link\"><a href=\"https:\/\/radiorevelacionfm.cl\/?p=66689\" class=\"more-link\">Leer m\u00e1s<span class=\"more-link-arrow\"><\/span><\/a><\/div>\n<\/div><footer class=\"entry-footer\"><\/footer><div class='post_delimiter'><\/div><\/div><div class='post_author_timeline'><\/div><span class='hidden'>\n\t\t\t\t<span class='av-structured-data'  itemprop=\"image\" itemscope=\"itemscope\" itemtype=\"https:\/\/schema.org\/ImageObject\" >\n\t\t\t\t\t\t<span itemprop='url'>https:\/\/radiorevelacionfm.cl\/wp-content\/uploads\/2026\/04\/entrega-capital-de-trabajo-la-junta-1_optimized.jpg<\/span>\n\t\t\t\t\t\t<span itemprop='height'>600<\/span>\n\t\t\t\t\t\t<span itemprop='width'>859<\/span>\n\t\t\t\t<\/span>\n\t\t\t\t<span class='av-structured-data'  itemprop=\"publisher\" itemtype=\"https:\/\/schema.org\/Organization\" itemscope=\"itemscope\" >\n\t\t\t\t\t\t<span itemprop='name'>revelacionfm<\/span>\n\t\t\t\t\t\t<span itemprop='logo' itemscope itemtype='https:\/\/schema.org\/ImageObject'>\n\t\t\t\t\t\t\t<span itemprop='url'>http:\/\/radiorevelacionfm.cl\/wp-content\/uploads\/2020\/12\/Sin-titulo1-300x300.png<\/span>\n\t\t\t\t\t\t <\/span>\n\t\t\t\t<\/span><span class='av-structured-data'  itemprop=\"author\" itemscope=\"itemscope\" itemtype=\"https:\/\/schema.org\/Person\" ><span itemprop='name'>revelacionfm<\/span><\/span><span class='av-structured-data'  itemprop=\"datePublished\" datetime=\"2026-04-28T18:46:03-03:00\" >2026-04-28 18:46:03<\/span><span class='av-structured-data'  itemprop=\"dateModified\" itemtype=\"https:\/\/schema.org\/dateModified\" >2026-04-28 18:46:03<\/span><span class='av-structured-data'  itemprop=\"mainEntityOfPage\" itemtype=\"https:\/\/schema.org\/mainEntityOfPage\" ><span itemprop='name'>Indap entrega m\u00e1s de 23 toneladas de alimentaci\u00f3n invernal en La Junta<\/span><\/span><\/span><\/article><article class='post-entry post-entry-type-standard post-entry-66693 post-loop-16 post-parity-even single-big with-slider post-66693 post type-post status-publish format-standard has-post-thumbnail hentry category-policial'  itemscope=\"itemscope\" itemtype=\"https:\/\/schema.org\/BlogPosting\" ><div class=\"big-preview single-big\"  itemprop=\"image\" itemscope=\"itemscope\" itemtype=\"https:\/\/schema.org\/ImageObject\" ><a href=\"https:\/\/radiorevelacionfm.cl\/?p=66693\"  title=\"0c794da3-f7e0-4495-99cc-679b768fb5ea (1) (1)\" ><img decoding=\"async\" width=\"802\" height=\"321\" src=\"https:\/\/radiorevelacionfm.cl\/wp-content\/uploads\/2026\/04\/0c794da3-f7e0-4495-99cc-679b768fb5ea-1-1-802x321.jpg\" class=\"wp-image-66694 avia-img-lazy-loading-66694 attachment-entry_with_sidebar size-entry_with_sidebar wp-post-image\" alt=\"\" \/><\/a><\/div><div class='blog-meta'><\/div><div class='entry-content-wrapper clearfix standard-content'><header class=\"entry-content-header\"><h2 class='post-title entry-title '  itemprop=\"headline\" >\t<a href='https:\/\/radiorevelacionfm.cl\/?p=66693' rel='bookmark' title='Enlace permanente: Despliegue de Carabineros de Ays\u00e9n y Coyhaique permiti\u00f3 desarticular banda y recuperar bot\u00edn tras asalto a local en Puerto Ays\u00e9n'>Despliegue de Carabineros de Ays\u00e9n y Coyhaique permiti\u00f3 desarticular banda y recuperar bot\u00edn tras asalto a local en Puerto Ays\u00e9n\t\t\t<span class='post-format-icon minor-meta'><\/span>\t<\/a><\/h2><span class='post-meta-infos'><time class='date-container minor-meta updated' >abril 28, 2026<\/time><span class='text-sep text-sep-date'>\/<\/span><span class=\"blog-categories minor-meta\">en <a href=\"https:\/\/radiorevelacionfm.cl\/?cat=36\" rel=\"tag\">Policial<\/a> <\/span><span class=\"text-sep text-sep-cat\">\/<\/span><span class=\"blog-author minor-meta\">por <span class=\"entry-author-link\"  itemprop=\"author\" ><span class=\"author\"><span class=\"fn\"><a href=\"https:\/\/radiorevelacionfm.cl\/?author=1\" title=\"Entradas de revelacionfm\" rel=\"author\">revelacionfm<\/a><\/span><\/span><\/span><\/span><\/span><\/header><div class=\"entry-content\"  itemprop=\"text\" ><div class=\"read-more-link\"><a href=\"https:\/\/radiorevelacionfm.cl\/?p=66693\" class=\"more-link\">Leer m\u00e1s<span class=\"more-link-arrow\"><\/span><\/a><\/div>\n<\/div><footer class=\"entry-footer\"><\/footer><div class='post_delimiter'><\/div><\/div><div class='post_author_timeline'><\/div><span class='hidden'>\n\t\t\t\t<span class='av-structured-data'  itemprop=\"image\" itemscope=\"itemscope\" itemtype=\"https:\/\/schema.org\/ImageObject\" >\n\t\t\t\t\t\t<span itemprop='url'>https:\/\/radiorevelacionfm.cl\/wp-content\/uploads\/2026\/04\/0c794da3-f7e0-4495-99cc-679b768fb5ea-1-1.jpg<\/span>\n\t\t\t\t\t\t<span itemprop='height'>698<\/span>\n\t\t\t\t\t\t<span itemprop='width'>802<\/span>\n\t\t\t\t<\/span>\n\t\t\t\t<span class='av-structured-data'  itemprop=\"publisher\" itemtype=\"https:\/\/schema.org\/Organization\" itemscope=\"itemscope\" >\n\t\t\t\t\t\t<span itemprop='name'>revelacionfm<\/span>\n\t\t\t\t\t\t<span itemprop='logo' itemscope itemtype='https:\/\/schema.org\/ImageObject'>\n\t\t\t\t\t\t\t<span itemprop='url'>http:\/\/radiorevelacionfm.cl\/wp-content\/uploads\/2020\/12\/Sin-titulo1-300x300.png<\/span>\n\t\t\t\t\t\t <\/span>\n\t\t\t\t<\/span><span class='av-structured-data'  itemprop=\"author\" itemscope=\"itemscope\" itemtype=\"https:\/\/schema.org\/Person\" ><span itemprop='name'>revelacionfm<\/span><\/span><span class='av-structured-data'  itemprop=\"datePublished\" datetime=\"2026-04-28T18:33:39-03:00\" >2026-04-28 18:33:39<\/span><span class='av-structured-data'  itemprop=\"dateModified\" itemtype=\"https:\/\/schema.org\/dateModified\" >2026-04-28 18:33:39<\/span><span class='av-structured-data'  itemprop=\"mainEntityOfPage\" itemtype=\"https:\/\/schema.org\/mainEntityOfPage\" ><span itemprop='name'>Despliegue de Carabineros de Ays\u00e9n y Coyhaique permiti\u00f3 desarticular banda y recuperar bot\u00edn tras asalto a local en Puerto Ays\u00e9n<\/span><\/span><\/span><\/article><article class='post-entry post-entry-type-standard post-entry-66686 post-loop-17 post-parity-odd single-big with-slider post-66686 post type-post status-publish format-standard has-post-thumbnail hentry category-regional'  itemscope=\"itemscope\" itemtype=\"https:\/\/schema.org\/BlogPosting\" ><div class=\"big-preview single-big\"  itemprop=\"image\" itemscope=\"itemscope\" itemtype=\"https:\/\/schema.org\/ImageObject\" ><a href=\"https:\/\/radiorevelacionfm.cl\/?p=66686\"  title=\"PUERTO CISNES_01 (2) (1) (1)\" ><img decoding=\"async\" width=\"845\" height=\"321\" src=\"https:\/\/radiorevelacionfm.cl\/wp-content\/uploads\/2026\/04\/PUERTO-CISNES_01-2-1-1-845x321.jpg\" class=\"wp-image-66687 avia-img-lazy-loading-66687 attachment-entry_with_sidebar size-entry_with_sidebar wp-post-image\" alt=\"\" \/><\/a><\/div><div class='blog-meta'><\/div><div class='entry-content-wrapper clearfix standard-content'><header class=\"entry-content-header\"><h2 class='post-title entry-title '  itemprop=\"headline\" >\t<a href='https:\/\/radiorevelacionfm.cl\/?p=66686' rel='bookmark' title='Enlace permanente: Corfo Ays\u00e9n abre cinco convocatorias para impulsar desarrollo regional'>Corfo Ays\u00e9n abre cinco convocatorias para impulsar desarrollo regional\t\t\t<span class='post-format-icon minor-meta'><\/span>\t<\/a><\/h2><span class='post-meta-infos'><time class='date-container minor-meta updated' >abril 28, 2026<\/time><span class='text-sep text-sep-date'>\/<\/span><span class=\"blog-categories minor-meta\">en <a href=\"https:\/\/radiorevelacionfm.cl\/?cat=38\" rel=\"tag\">Regional<\/a> <\/span><span class=\"text-sep text-sep-cat\">\/<\/span><span class=\"blog-author minor-meta\">por <span class=\"entry-author-link\"  itemprop=\"author\" ><span class=\"author\"><span class=\"fn\"><a href=\"https:\/\/radiorevelacionfm.cl\/?author=1\" title=\"Entradas de revelacionfm\" rel=\"author\">revelacionfm<\/a><\/span><\/span><\/span><\/span><\/span><\/header><div class=\"entry-content\"  itemprop=\"text\" ><div class=\"read-more-link\"><a href=\"https:\/\/radiorevelacionfm.cl\/?p=66686\" class=\"more-link\">Leer m\u00e1s<span class=\"more-link-arrow\"><\/span><\/a><\/div>\n<\/div><footer class=\"entry-footer\"><\/footer><div class='post_delimiter'><\/div><\/div><div class='post_author_timeline'><\/div><span class='hidden'>\n\t\t\t\t<span class='av-structured-data'  itemprop=\"image\" itemscope=\"itemscope\" itemtype=\"https:\/\/schema.org\/ImageObject\" >\n\t\t\t\t\t\t<span itemprop='url'>https:\/\/radiorevelacionfm.cl\/wp-content\/uploads\/2026\/04\/PUERTO-CISNES_01-2-1-1.jpg<\/span>\n\t\t\t\t\t\t<span itemprop='height'>600<\/span>\n\t\t\t\t\t\t<span itemprop='width'>1067<\/span>\n\t\t\t\t<\/span>\n\t\t\t\t<span class='av-structured-data'  itemprop=\"publisher\" itemtype=\"https:\/\/schema.org\/Organization\" itemscope=\"itemscope\" >\n\t\t\t\t\t\t<span itemprop='name'>revelacionfm<\/span>\n\t\t\t\t\t\t<span itemprop='logo' itemscope itemtype='https:\/\/schema.org\/ImageObject'>\n\t\t\t\t\t\t\t<span itemprop='url'>http:\/\/radiorevelacionfm.cl\/wp-content\/uploads\/2020\/12\/Sin-titulo1-300x300.png<\/span>\n\t\t\t\t\t\t <\/span>\n\t\t\t\t<\/span><span class='av-structured-data'  itemprop=\"author\" itemscope=\"itemscope\" itemtype=\"https:\/\/schema.org\/Person\" ><span itemprop='name'>revelacionfm<\/span><\/span><span class='av-structured-data'  itemprop=\"datePublished\" datetime=\"2026-04-28T18:12:27-03:00\" >2026-04-28 18:12:27<\/span><span class='av-structured-data'  itemprop=\"dateModified\" itemtype=\"https:\/\/schema.org\/dateModified\" >2026-04-28 18:12:27<\/span><span class='av-structured-data'  itemprop=\"mainEntityOfPage\" itemtype=\"https:\/\/schema.org\/mainEntityOfPage\" ><span itemprop='name'>Corfo Ays\u00e9n abre cinco convocatorias para impulsar desarrollo regional<\/span><\/span><\/span><\/article><article class='post-entry post-entry-type-standard post-entry-66668 post-loop-18 post-parity-even single-big with-slider post-66668 post type-post status-publish format-standard has-post-thumbnail hentry category-regional'  itemscope=\"itemscope\" itemtype=\"https:\/\/schema.org\/BlogPosting\" ><div class=\"big-preview single-big\"  itemprop=\"image\" itemscope=\"itemscope\" itemtype=\"https:\/\/schema.org\/ImageObject\" ><a href=\"https:\/\/radiorevelacionfm.cl\/?p=66668\"  title=\"certifacaci\u00f3n-excelencia-scam-aysen-(1)_optimized\" ><img decoding=\"async\" width=\"845\" height=\"321\" src=\"https:\/\/radiorevelacionfm.cl\/wp-content\/uploads\/2026\/04\/certifacacion-excelencia-scam-aysen-1_optimized-845x321.jpg\" class=\"wp-image-66669 avia-img-lazy-loading-66669 attachment-entry_with_sidebar size-entry_with_sidebar wp-post-image\" alt=\"\" \/><\/a><\/div><div class='blog-meta'><\/div><div class='entry-content-wrapper clearfix standard-content'><header class=\"entry-content-header\"><h2 class='post-title entry-title '  itemprop=\"headline\" >\t<a href='https:\/\/radiorevelacionfm.cl\/?p=66668' rel='bookmark' title='Enlace permanente: Municipalidad de Ays\u00e9n alcanza certificaci\u00f3n de excelencia SCAM y marca un hito regional'>Municipalidad de Ays\u00e9n alcanza certificaci\u00f3n de excelencia SCAM y marca un hito regional\t\t\t<span class='post-format-icon minor-meta'><\/span>\t<\/a><\/h2><span class='post-meta-infos'><time class='date-container minor-meta updated' >abril 28, 2026<\/time><span class='text-sep text-sep-date'>\/<\/span><span class=\"blog-categories minor-meta\">en <a href=\"https:\/\/radiorevelacionfm.cl\/?cat=38\" rel=\"tag\">Regional<\/a> <\/span><span class=\"text-sep text-sep-cat\">\/<\/span><span class=\"blog-author minor-meta\">por <span class=\"entry-author-link\"  itemprop=\"author\" ><span class=\"author\"><span class=\"fn\"><a href=\"https:\/\/radiorevelacionfm.cl\/?author=1\" title=\"Entradas de revelacionfm\" rel=\"author\">revelacionfm<\/a><\/span><\/span><\/span><\/span><\/span><\/header><div class=\"entry-content\"  itemprop=\"text\" ><div class=\"read-more-link\"><a href=\"https:\/\/radiorevelacionfm.cl\/?p=66668\" class=\"more-link\">Leer m\u00e1s<span class=\"more-link-arrow\"><\/span><\/a><\/div>\n<\/div><footer class=\"entry-footer\"><\/footer><div class='post_delimiter'><\/div><\/div><div class='post_author_timeline'><\/div><span class='hidden'>\n\t\t\t\t<span class='av-structured-data'  itemprop=\"image\" itemscope=\"itemscope\" itemtype=\"https:\/\/schema.org\/ImageObject\" >\n\t\t\t\t\t\t<span itemprop='url'>https:\/\/radiorevelacionfm.cl\/wp-content\/uploads\/2026\/04\/certifacacion-excelencia-scam-aysen-1_optimized.jpg<\/span>\n\t\t\t\t\t\t<span itemprop='height'>600<\/span>\n\t\t\t\t\t\t<span itemprop='width'>898<\/span>\n\t\t\t\t<\/span>\n\t\t\t\t<span class='av-structured-data'  itemprop=\"publisher\" itemtype=\"https:\/\/schema.org\/Organization\" itemscope=\"itemscope\" >\n\t\t\t\t\t\t<span itemprop='name'>revelacionfm<\/span>\n\t\t\t\t\t\t<span itemprop='logo' itemscope itemtype='https:\/\/schema.org\/ImageObject'>\n\t\t\t\t\t\t\t<span itemprop='url'>http:\/\/radiorevelacionfm.cl\/wp-content\/uploads\/2020\/12\/Sin-titulo1-300x300.png<\/span>\n\t\t\t\t\t\t <\/span>\n\t\t\t\t<\/span><span class='av-structured-data'  itemprop=\"author\" itemscope=\"itemscope\" itemtype=\"https:\/\/schema.org\/Person\" ><span itemprop='name'>revelacionfm<\/span><\/span><span class='av-structured-data'  itemprop=\"datePublished\" datetime=\"2026-04-28T15:47:56-03:00\" >2026-04-28 15:47:56<\/span><span class='av-structured-data'  itemprop=\"dateModified\" itemtype=\"https:\/\/schema.org\/dateModified\" >2026-04-28 15:47:56<\/span><span class='av-structured-data'  itemprop=\"mainEntityOfPage\" itemtype=\"https:\/\/schema.org\/mainEntityOfPage\" ><span itemprop='name'>Municipalidad de Ays\u00e9n alcanza certificaci\u00f3n de excelencia SCAM y marca un hito regional<\/span><\/span><\/span><\/article><article class='post-entry post-entry-type-standard post-entry-66633 post-loop-19 post-parity-odd single-big with-slider post-66633 post type-post status-publish format-standard has-post-thumbnail hentry category-ciencia'  itemscope=\"itemscope\" itemtype=\"https:\/\/schema.org\/BlogPosting\" ><div class=\"big-preview single-big\"  itemprop=\"image\" itemscope=\"itemscope\" itemtype=\"https:\/\/schema.org\/ImageObject\" ><a href=\"https:\/\/radiorevelacionfm.cl\/?p=66633\"  title=\"DSC03362 (1) (1)\" ><img decoding=\"async\" width=\"845\" height=\"321\" src=\"https:\/\/radiorevelacionfm.cl\/wp-content\/uploads\/2026\/04\/DSC03362-1-1-845x321.jpg\" class=\"wp-image-66634 avia-img-lazy-loading-66634 attachment-entry_with_sidebar size-entry_with_sidebar wp-post-image\" alt=\"\" \/><\/a><\/div><div class='blog-meta'><\/div><div class='entry-content-wrapper clearfix standard-content'><header class=\"entry-content-header\"><h2 class='post-title entry-title '  itemprop=\"headline\" >\t<a href='https:\/\/radiorevelacionfm.cl\/?p=66633' rel='bookmark' title='Enlace permanente: Seremi de Ciencia Ays\u00e9n destaca sinton\u00eda entre GORE y Gobierno para nueva estrategia de innovaci\u00f3n'>Seremi de Ciencia Ays\u00e9n destaca sinton\u00eda entre GORE y Gobierno para nueva estrategia de innovaci\u00f3n\t\t\t<span class='post-format-icon minor-meta'><\/span>\t<\/a><\/h2><span class='post-meta-infos'><time class='date-container minor-meta updated' >abril 28, 2026<\/time><span class='text-sep text-sep-date'>\/<\/span><span class=\"blog-categories minor-meta\">en <a href=\"https:\/\/radiorevelacionfm.cl\/?cat=53\" rel=\"tag\">Ciencia<\/a> <\/span><span class=\"text-sep text-sep-cat\">\/<\/span><span class=\"blog-author minor-meta\">por <span class=\"entry-author-link\"  itemprop=\"author\" ><span class=\"author\"><span class=\"fn\"><a href=\"https:\/\/radiorevelacionfm.cl\/?author=1\" title=\"Entradas de revelacionfm\" rel=\"author\">revelacionfm<\/a><\/span><\/span><\/span><\/span><\/span><\/header><div class=\"entry-content\"  itemprop=\"text\" ><div class=\"read-more-link\"><a href=\"https:\/\/radiorevelacionfm.cl\/?p=66633\" class=\"more-link\">Leer m\u00e1s<span class=\"more-link-arrow\"><\/span><\/a><\/div>\n<\/div><footer class=\"entry-footer\"><\/footer><div class='post_delimiter'><\/div><\/div><div class='post_author_timeline'><\/div><span class='hidden'>\n\t\t\t\t<span class='av-structured-data'  itemprop=\"image\" itemscope=\"itemscope\" itemtype=\"https:\/\/schema.org\/ImageObject\" >\n\t\t\t\t\t\t<span itemprop='url'>https:\/\/radiorevelacionfm.cl\/wp-content\/uploads\/2026\/04\/DSC03362-1-1.jpg<\/span>\n\t\t\t\t\t\t<span itemprop='height'>600<\/span>\n\t\t\t\t\t\t<span itemprop='width'>900<\/span>\n\t\t\t\t<\/span>\n\t\t\t\t<span class='av-structured-data'  itemprop=\"publisher\" itemtype=\"https:\/\/schema.org\/Organization\" itemscope=\"itemscope\" >\n\t\t\t\t\t\t<span itemprop='name'>revelacionfm<\/span>\n\t\t\t\t\t\t<span itemprop='logo' itemscope itemtype='https:\/\/schema.org\/ImageObject'>\n\t\t\t\t\t\t\t<span itemprop='url'>http:\/\/radiorevelacionfm.cl\/wp-content\/uploads\/2020\/12\/Sin-titulo1-300x300.png<\/span>\n\t\t\t\t\t\t <\/span>\n\t\t\t\t<\/span><span class='av-structured-data'  itemprop=\"author\" itemscope=\"itemscope\" itemtype=\"https:\/\/schema.org\/Person\" ><span itemprop='name'>revelacionfm<\/span><\/span><span class='av-structured-data'  itemprop=\"datePublished\" datetime=\"2026-04-28T15:10:31-03:00\" >2026-04-28 15:10:31<\/span><span class='av-structured-data'  itemprop=\"dateModified\" itemtype=\"https:\/\/schema.org\/dateModified\" >2026-04-28 15:10:31<\/span><span class='av-structured-data'  itemprop=\"mainEntityOfPage\" itemtype=\"https:\/\/schema.org\/mainEntityOfPage\" ><span itemprop='name'>Seremi de Ciencia Ays\u00e9n destaca sinton\u00eda entre GORE y Gobierno para nueva estrategia de innovaci\u00f3n<\/span><\/span><\/span><\/article><article class='post-entry post-entry-type-standard post-entry-66671 post-loop-20 post-parity-even post-entry-last single-big with-slider post-66671 post type-post status-publish format-standard has-post-thumbnail hentry category-educacion'  itemscope=\"itemscope\" itemtype=\"https:\/\/schema.org\/BlogPosting\" ><div class=\"big-preview single-big\"  itemprop=\"image\" itemscope=\"itemscope\" itemtype=\"https:\/\/schema.org\/ImageObject\" ><a href=\"https:\/\/radiorevelacionfm.cl\/?p=66671\"  title=\"dsc08727-(1)_optimized\" ><img decoding=\"async\" width=\"845\" height=\"321\" src=\"https:\/\/radiorevelacionfm.cl\/wp-content\/uploads\/2026\/04\/dsc08727-1_optimized-845x321.jpg\" class=\"wp-image-66672 avia-img-lazy-loading-66672 attachment-entry_with_sidebar size-entry_with_sidebar wp-post-image\" alt=\"\" \/><\/a><\/div><div class='blog-meta'><\/div><div class='entry-content-wrapper clearfix standard-content'><header class=\"entry-content-header\"><h2 class='post-title entry-title '  itemprop=\"headline\" >\t<a href='https:\/\/radiorevelacionfm.cl\/?p=66671' rel='bookmark' title='Enlace permanente: Escuela de Lenguaje Kalem obtiene certificaci\u00f3n ambiental de Excelencia SNCAE y reafirma su sello sustentable'>Escuela de Lenguaje Kalem obtiene certificaci\u00f3n ambiental de Excelencia SNCAE y reafirma su sello sustentable\t\t\t<span class='post-format-icon minor-meta'><\/span>\t<\/a><\/h2><span class='post-meta-infos'><time class='date-container minor-meta updated' >abril 28, 2026<\/time><span class='text-sep text-sep-date'>\/<\/span><span class=\"blog-categories minor-meta\">en <a href=\"https:\/\/radiorevelacionfm.cl\/?cat=49\" rel=\"tag\">Educaci\u00f3n<\/a> <\/span><span class=\"text-sep text-sep-cat\">\/<\/span><span class=\"blog-author minor-meta\">por <span class=\"entry-author-link\"  itemprop=\"author\" ><span class=\"author\"><span class=\"fn\"><a href=\"https:\/\/radiorevelacionfm.cl\/?author=1\" title=\"Entradas de revelacionfm\" rel=\"author\">revelacionfm<\/a><\/span><\/span><\/span><\/span><\/span><\/header><div class=\"entry-content\"  itemprop=\"text\" ><div class=\"read-more-link\"><a href=\"https:\/\/radiorevelacionfm.cl\/?p=66671\" class=\"more-link\">Leer m\u00e1s<span class=\"more-link-arrow\"><\/span><\/a><\/div>\n<\/div><footer class=\"entry-footer\"><\/footer><div class='post_delimiter'><\/div><\/div><div class='post_author_timeline'><\/div><span class='hidden'>\n\t\t\t\t<span class='av-structured-data'  itemprop=\"image\" itemscope=\"itemscope\" itemtype=\"https:\/\/schema.org\/ImageObject\" >\n\t\t\t\t\t\t<span itemprop='url'>https:\/\/radiorevelacionfm.cl\/wp-content\/uploads\/2026\/04\/dsc08727-1_optimized.jpg<\/span>\n\t\t\t\t\t\t<span itemprop='height'>600<\/span>\n\t\t\t\t\t\t<span itemprop='width'>981<\/span>\n\t\t\t\t<\/span>\n\t\t\t\t<span class='av-structured-data'  itemprop=\"publisher\" itemtype=\"https:\/\/schema.org\/Organization\" itemscope=\"itemscope\" >\n\t\t\t\t\t\t<span itemprop='name'>revelacionfm<\/span>\n\t\t\t\t\t\t<span itemprop='logo' itemscope itemtype='https:\/\/schema.org\/ImageObject'>\n\t\t\t\t\t\t\t<span itemprop='url'>http:\/\/radiorevelacionfm.cl\/wp-content\/uploads\/2020\/12\/Sin-titulo1-300x300.png<\/span>\n\t\t\t\t\t\t <\/span>\n\t\t\t\t<\/span><span class='av-structured-data'  itemprop=\"author\" itemscope=\"itemscope\" itemtype=\"https:\/\/schema.org\/Person\" ><span itemprop='name'>revelacionfm<\/span><\/span><span class='av-structured-data'  itemprop=\"datePublished\" datetime=\"2026-04-28T12:29:48-03:00\" >2026-04-28 12:29:48<\/span><span class='av-structured-data'  itemprop=\"dateModified\" itemtype=\"https:\/\/schema.org\/dateModified\" >2026-04-28 12:29:48<\/span><span class='av-structured-data'  itemprop=\"mainEntityOfPage\" itemtype=\"https:\/\/schema.org\/mainEntityOfPage\" ><span itemprop='name'>Escuela de Lenguaje Kalem obtiene certificaci\u00f3n ambiental de Excelencia SNCAE y reafirma su sello sustentable<\/span><\/span><\/span><\/article><\/div><\/div>\n","protected":false},"excerpt":{"rendered":"","protected":false},"author":1,"featured_media":0,"parent":0,"menu_order":0,"comment_status":"open","ping_status":"open","template":"","meta":{"footnotes":""},"class_list":["post-504","page","type-page","status-publish","hentry"],"_links":{"self":[{"href":"https:\/\/radiorevelacionfm.cl\/index.php?rest_route=\/wp\/v2\/pages\/504","targetHints":{"allow":["GET"]}}],"collection":[{"href":"https:\/\/radiorevelacionfm.cl\/index.php?rest_route=\/wp\/v2\/pages"}],"about":[{"href":"https:\/\/radiorevelacionfm.cl\/index.php?rest_route=\/wp\/v2\/types\/page"}],"author":[{"embeddable":true,"href":"https:\/\/radiorevelacionfm.cl\/index.php?rest_route=\/wp\/v2\/users\/1"}],"replies":[{"embeddable":true,"href":"https:\/\/radiorevelacionfm.cl\/index.php?rest_route=%2Fwp%2Fv2%2Fcomments&post=504"}],"version-history":[{"count":13,"href":"https:\/\/radiorevelacionfm.cl\/index.php?rest_route=\/wp\/v2\/pages\/504\/revisions"}],"predecessor-version":[{"id":53818,"href":"https:\/\/radiorevelacionfm.cl\/index.php?rest_route=\/wp\/v2\/pages\/504\/revisions\/53818"}],"wp:attachment":[{"href":"https:\/\/radiorevelacionfm.cl\/index.php?rest_route=%2Fwp%2Fv2%2Fmedia&parent=504"}],"curies":[{"name":"wp","href":"https:\/\/api.w.org\/{rel}","templated":true}]}}